{"id":3910,"date":"2022-10-03T11:34:18","date_gmt":"2022-10-03T15:34:18","guid":{"rendered":"https:\/\/projexmedia.com\/web\/?post_type=avada_portfolio&#038;p=3910"},"modified":"2023-07-27T12:42:05","modified_gmt":"2023-07-27T16:42:05","slug":"fondation-du-centre-jeunesse-de-lestrie","status":"publish","type":"avada_portfolio","link":"https:\/\/projexmedia.com\/web\/realisations\/fondation-du-centre-jeunesse-de-lestrie\/","title":{"rendered":"Fondation du Centre jeunesse de l&rsquo;Estrie"},"content":{"rendered":"<p><div class=\"fusion-fullwidth fullwidth-box fusion-builder-row-1 fusion-flex-container nonhundred-percent-fullwidth non-hundred-percent-height-scrolling\" style=\"--awb-border-radius-top-left:0px;--awb-border-radius-top-right:0px;--awb-border-radius-bottom-right:0px;--awb-border-radius-bottom-left:0px;--awb-flex-wrap:wrap;\" ><div class=\"fusion-builder-row fusion-row fusion-flex-align-items-flex-start fusion-flex-content-wrap\" style=\"max-width:106%;margin-left: calc(-6% \/ 2 );margin-right: calc(-6% \/ 2 );\"><div class=\"fusion-layout-column fusion_builder_column fusion-builder-column-0 fusion_builder_column_1_1 1_1 fusion-flex-column\" style=\"--awb-bg-size:cover;--awb-width-large:100%;--awb-margin-top-large:0px;--awb-spacing-right-large:2.82%;--awb-margin-bottom-large:80px;--awb-spacing-left-large:2.82%;--awb-width-medium:100%;--awb-order-medium:0;--awb-spacing-right-medium:2.82%;--awb-spacing-left-medium:2.82%;--awb-width-small:100%;--awb-order-small:0;--awb-spacing-right-small:2.82%;--awb-spacing-left-small:2.82%;\"><div class=\"fusion-column-wrapper fusion-column-has-shadow fusion-flex-justify-content-flex-start fusion-content-layout-column\"><div class=\"fusion-image-element \" style=\"text-align:center;--awb-caption-title-font-family:var(--h2_typography-font-family);--awb-caption-title-font-weight:var(--h2_typography-font-weight);--awb-caption-title-font-style:var(--h2_typography-font-style);--awb-caption-title-size:var(--h2_typography-font-size);--awb-caption-title-transform:var(--h2_typography-text-transform);--awb-caption-title-line-height:var(--h2_typography-line-height);--awb-caption-title-letter-spacing:var(--h2_typography-letter-spacing);\"><span class=\" fusion-imageframe imageframe-none imageframe-1 hover-type-none\"><img decoding=\"async\" width=\"1400\" height=\"844\" alt=\"Fondation du Centre jeunesse de l&#039;Estrie \/ 2022 - R\u00e9alisation sign\u00e9e Projex Media\" title=\"realisation-ProjexMedia-FondationCJE-01\" src=\"https:\/\/projexmedia.com\/web\/wp-content\/uploads\/2022\/10\/mockup-FondationCJE_01.jpg\" class=\"img-responsive wp-image-3912\" srcset=\"https:\/\/projexmedia.com\/web\/wp-content\/uploads\/2022\/10\/mockup-FondationCJE_01-200x121.jpg 200w, https:\/\/projexmedia.com\/web\/wp-content\/uploads\/2022\/10\/mockup-FondationCJE_01-400x241.jpg 400w, https:\/\/projexmedia.com\/web\/wp-content\/uploads\/2022\/10\/mockup-FondationCJE_01-600x362.jpg 600w, https:\/\/projexmedia.com\/web\/wp-content\/uploads\/2022\/10\/mockup-FondationCJE_01-800x482.jpg 800w, https:\/\/projexmedia.com\/web\/wp-content\/uploads\/2022\/10\/mockup-FondationCJE_01-1200x723.jpg 1200w, https:\/\/projexmedia.com\/web\/wp-content\/uploads\/2022\/10\/mockup-FondationCJE_01.jpg 1400w\" sizes=\"(max-width: 1024px) 100vw, (max-width: 640px) 100vw, 1400px\" \/><\/span><\/div><div class=\"fusion-image-element \" style=\"text-align:center;--awb-caption-title-font-family:var(--h2_typography-font-family);--awb-caption-title-font-weight:var(--h2_typography-font-weight);--awb-caption-title-font-style:var(--h2_typography-font-style);--awb-caption-title-size:var(--h2_typography-font-size);--awb-caption-title-transform:var(--h2_typography-text-transform);--awb-caption-title-line-height:var(--h2_typography-line-height);--awb-caption-title-letter-spacing:var(--h2_typography-letter-spacing);\"><span class=\" fusion-imageframe imageframe-none imageframe-2 hover-type-none\"><img decoding=\"async\" width=\"1400\" height=\"1488\" alt=\"Fondation du Centre jeunesse de l&#039;Estrie \/ 2022 - R\u00e9alisation sign\u00e9e Projex Media\" title=\"realisation-ProjexMedia-FondationCJE-02\" src=\"https:\/\/projexmedia.com\/web\/wp-content\/uploads\/2022\/10\/mockup-FondationCJE_02-1.jpg\" class=\"img-responsive wp-image-3945\" srcset=\"https:\/\/projexmedia.com\/web\/wp-content\/uploads\/2022\/10\/mockup-FondationCJE_02-1-200x213.jpg 200w, https:\/\/projexmedia.com\/web\/wp-content\/uploads\/2022\/10\/mockup-FondationCJE_02-1-400x425.jpg 400w, https:\/\/projexmedia.com\/web\/wp-content\/uploads\/2022\/10\/mockup-FondationCJE_02-1-600x638.jpg 600w, https:\/\/projexmedia.com\/web\/wp-content\/uploads\/2022\/10\/mockup-FondationCJE_02-1-800x850.jpg 800w, https:\/\/projexmedia.com\/web\/wp-content\/uploads\/2022\/10\/mockup-FondationCJE_02-1-1200x1275.jpg 1200w, https:\/\/projexmedia.com\/web\/wp-content\/uploads\/2022\/10\/mockup-FondationCJE_02-1.jpg 1400w\" sizes=\"(max-width: 1024px) 100vw, (max-width: 640px) 100vw, 1400px\" \/><\/span><\/div><div class=\"fusion-image-element \" style=\"text-align:center;--awb-caption-title-font-family:var(--h2_typography-font-family);--awb-caption-title-font-weight:var(--h2_typography-font-weight);--awb-caption-title-font-style:var(--h2_typography-font-style);--awb-caption-title-size:var(--h2_typography-font-size);--awb-caption-title-transform:var(--h2_typography-text-transform);--awb-caption-title-line-height:var(--h2_typography-line-height);--awb-caption-title-letter-spacing:var(--h2_typography-letter-spacing);\"><span class=\" fusion-imageframe imageframe-none imageframe-3 hover-type-none\"><img decoding=\"async\" width=\"1400\" height=\"1366\" alt=\"Fondation du Centre jeunesse de l&#039;Estrie \/ 2022 - R\u00e9alisation sign\u00e9e Projex Media\" title=\"realisation-ProjexMedia-FondationCJE-03\" src=\"https:\/\/projexmedia.com\/web\/wp-content\/uploads\/2022\/10\/mockup-FondationCJE_03.jpg\" class=\"img-responsive wp-image-3916\" srcset=\"https:\/\/projexmedia.com\/web\/wp-content\/uploads\/2022\/10\/mockup-FondationCJE_03-200x195.jpg 200w, https:\/\/projexmedia.com\/web\/wp-content\/uploads\/2022\/10\/mockup-FondationCJE_03-400x390.jpg 400w, https:\/\/projexmedia.com\/web\/wp-content\/uploads\/2022\/10\/mockup-FondationCJE_03-600x585.jpg 600w, https:\/\/projexmedia.com\/web\/wp-content\/uploads\/2022\/10\/mockup-FondationCJE_03-800x781.jpg 800w, https:\/\/projexmedia.com\/web\/wp-content\/uploads\/2022\/10\/mockup-FondationCJE_03-1200x1171.jpg 1200w, https:\/\/projexmedia.com\/web\/wp-content\/uploads\/2022\/10\/mockup-FondationCJE_03.jpg 1400w\" sizes=\"(max-width: 1024px) 100vw, (max-width: 640px) 100vw, 1400px\" \/><\/span><\/div><div class=\"fusion-image-element \" style=\"text-align:center;--awb-caption-title-font-family:var(--h2_typography-font-family);--awb-caption-title-font-weight:var(--h2_typography-font-weight);--awb-caption-title-font-style:var(--h2_typography-font-style);--awb-caption-title-size:var(--h2_typography-font-size);--awb-caption-title-transform:var(--h2_typography-text-transform);--awb-caption-title-line-height:var(--h2_typography-line-height);--awb-caption-title-letter-spacing:var(--h2_typography-letter-spacing);\"><span class=\" fusion-imageframe imageframe-none imageframe-4 hover-type-none\"><img decoding=\"async\" width=\"1400\" height=\"1062\" alt=\"Fondation du Centre jeunesse de l&#039;Estrie \/ 2022 - R\u00e9alisation sign\u00e9e Projex Media\" title=\"realisation-ProjexMedia-FondationCJE-04\" src=\"https:\/\/projexmedia.com\/web\/wp-content\/uploads\/2022\/10\/mockup-FondationCJE_04.jpg\" class=\"img-responsive wp-image-3918\" srcset=\"https:\/\/projexmedia.com\/web\/wp-content\/uploads\/2022\/10\/mockup-FondationCJE_04-200x152.jpg 200w, https:\/\/projexmedia.com\/web\/wp-content\/uploads\/2022\/10\/mockup-FondationCJE_04-400x303.jpg 400w, https:\/\/projexmedia.com\/web\/wp-content\/uploads\/2022\/10\/mockup-FondationCJE_04-600x455.jpg 600w, https:\/\/projexmedia.com\/web\/wp-content\/uploads\/2022\/10\/mockup-FondationCJE_04-800x607.jpg 800w, https:\/\/projexmedia.com\/web\/wp-content\/uploads\/2022\/10\/mockup-FondationCJE_04-1200x910.jpg 1200w, https:\/\/projexmedia.com\/web\/wp-content\/uploads\/2022\/10\/mockup-FondationCJE_04.jpg 1400w\" sizes=\"(max-width: 1024px) 100vw, (max-width: 640px) 100vw, 1400px\" \/><\/span><\/div><div class=\"fusion-image-element \" style=\"text-align:center;--awb-caption-title-font-family:var(--h2_typography-font-family);--awb-caption-title-font-weight:var(--h2_typography-font-weight);--awb-caption-title-font-style:var(--h2_typography-font-style);--awb-caption-title-size:var(--h2_typography-font-size);--awb-caption-title-transform:var(--h2_typography-text-transform);--awb-caption-title-line-height:var(--h2_typography-line-height);--awb-caption-title-letter-spacing:var(--h2_typography-letter-spacing);\"><span class=\" fusion-imageframe imageframe-none imageframe-5 hover-type-none\"><img decoding=\"async\" width=\"1400\" height=\"1237\" alt=\"Fondation du Centre jeunesse de l&#039;Estrie \/ 2022 - R\u00e9alisation sign\u00e9e Projex Media\" title=\"realisation-ProjexMedia-FondationCJE-05\" src=\"https:\/\/projexmedia.com\/web\/wp-content\/uploads\/2022\/10\/mockup-FondationCJE_05.gif\" class=\"img-responsive wp-image-3920\"\/><\/span><\/div><div class=\"fusion-image-element \" style=\"text-align:center;--awb-caption-title-font-family:var(--h2_typography-font-family);--awb-caption-title-font-weight:var(--h2_typography-font-weight);--awb-caption-title-font-style:var(--h2_typography-font-style);--awb-caption-title-size:var(--h2_typography-font-size);--awb-caption-title-transform:var(--h2_typography-text-transform);--awb-caption-title-line-height:var(--h2_typography-line-height);--awb-caption-title-letter-spacing:var(--h2_typography-letter-spacing);\"><span class=\" fusion-imageframe imageframe-none imageframe-6 hover-type-none\"><img decoding=\"async\" width=\"1400\" height=\"918\" alt=\"Fondation du Centre jeunesse de l&#039;Estrie \/ 2022 - R\u00e9alisation sign\u00e9e Projex Media\" title=\"realisation-ProjexMedia-FondationCJE-06\" src=\"https:\/\/projexmedia.com\/web\/wp-content\/uploads\/2022\/10\/mockup-FondationCJE_06.jpg\" class=\"img-responsive wp-image-3922\" srcset=\"https:\/\/projexmedia.com\/web\/wp-content\/uploads\/2022\/10\/mockup-FondationCJE_06-200x131.jpg 200w, https:\/\/projexmedia.com\/web\/wp-content\/uploads\/2022\/10\/mockup-FondationCJE_06-400x262.jpg 400w, https:\/\/projexmedia.com\/web\/wp-content\/uploads\/2022\/10\/mockup-FondationCJE_06-600x393.jpg 600w, https:\/\/projexmedia.com\/web\/wp-content\/uploads\/2022\/10\/mockup-FondationCJE_06-800x525.jpg 800w, https:\/\/projexmedia.com\/web\/wp-content\/uploads\/2022\/10\/mockup-FondationCJE_06-1200x787.jpg 1200w, https:\/\/projexmedia.com\/web\/wp-content\/uploads\/2022\/10\/mockup-FondationCJE_06.jpg 1400w\" sizes=\"(max-width: 1024px) 100vw, (max-width: 640px) 100vw, 1400px\" \/><\/span><\/div><div class=\"fusion-image-element \" style=\"text-align:center;--awb-caption-title-font-family:var(--h2_typography-font-family);--awb-caption-title-font-weight:var(--h2_typography-font-weight);--awb-caption-title-font-style:var(--h2_typography-font-style);--awb-caption-title-size:var(--h2_typography-font-size);--awb-caption-title-transform:var(--h2_typography-text-transform);--awb-caption-title-line-height:var(--h2_typography-line-height);--awb-caption-title-letter-spacing:var(--h2_typography-letter-spacing);\"><span class=\" fusion-imageframe imageframe-none imageframe-7 hover-type-none\"><img decoding=\"async\" width=\"1400\" height=\"1015\" alt=\"Fondation du Centre jeunesse de l&#039;Estrie \/ 2022 - R\u00e9alisation sign\u00e9e Projex Media\" title=\"realisation-ProjexMedia-FondationCJE-07\" src=\"https:\/\/projexmedia.com\/web\/wp-content\/uploads\/2022\/10\/mockup-FondationCJE_07.gif\" class=\"img-responsive wp-image-3924\"\/><\/span><\/div><div class=\"fusion-image-element \" style=\"text-align:center;--awb-caption-title-font-family:var(--h2_typography-font-family);--awb-caption-title-font-weight:var(--h2_typography-font-weight);--awb-caption-title-font-style:var(--h2_typography-font-style);--awb-caption-title-size:var(--h2_typography-font-size);--awb-caption-title-transform:var(--h2_typography-text-transform);--awb-caption-title-line-height:var(--h2_typography-line-height);--awb-caption-title-letter-spacing:var(--h2_typography-letter-spacing);\"><span class=\" fusion-imageframe imageframe-none imageframe-8 hover-type-none\"><img decoding=\"async\" width=\"1400\" height=\"404\" alt=\"Fondation du Centre jeunesse de l&#039;Estrie \/ 2022 - R\u00e9alisation sign\u00e9e Projex Media\" title=\"realisation-ProjexMedia-FondationCJE-08\" src=\"https:\/\/projexmedia.com\/web\/wp-content\/uploads\/2022\/10\/mockup-FondationCJE_08.jpg\" class=\"img-responsive wp-image-3926\" srcset=\"https:\/\/projexmedia.com\/web\/wp-content\/uploads\/2022\/10\/mockup-FondationCJE_08-200x58.jpg 200w, https:\/\/projexmedia.com\/web\/wp-content\/uploads\/2022\/10\/mockup-FondationCJE_08-400x115.jpg 400w, https:\/\/projexmedia.com\/web\/wp-content\/uploads\/2022\/10\/mockup-FondationCJE_08-600x173.jpg 600w, https:\/\/projexmedia.com\/web\/wp-content\/uploads\/2022\/10\/mockup-FondationCJE_08-800x231.jpg 800w, https:\/\/projexmedia.com\/web\/wp-content\/uploads\/2022\/10\/mockup-FondationCJE_08-1200x346.jpg 1200w, https:\/\/projexmedia.com\/web\/wp-content\/uploads\/2022\/10\/mockup-FondationCJE_08.jpg 1400w\" sizes=\"(max-width: 1024px) 100vw, (max-width: 640px) 100vw, 1400px\" \/><\/span><\/div><div class=\"fusion-image-element \" style=\"text-align:center;--awb-caption-title-font-family:var(--h2_typography-font-family);--awb-caption-title-font-weight:var(--h2_typography-font-weight);--awb-caption-title-font-style:var(--h2_typography-font-style);--awb-caption-title-size:var(--h2_typography-font-size);--awb-caption-title-transform:var(--h2_typography-text-transform);--awb-caption-title-line-height:var(--h2_typography-line-height);--awb-caption-title-letter-spacing:var(--h2_typography-letter-spacing);\"><span class=\" fusion-imageframe imageframe-none imageframe-9 hover-type-none\"><img decoding=\"async\" width=\"1400\" height=\"928\" alt=\"Fondation du Centre jeunesse de l&#039;Estrie \/ 2022 - R\u00e9alisation sign\u00e9e Projex Media\" title=\"realisation-ProjexMedia-FondationCJE-09\" src=\"https:\/\/projexmedia.com\/web\/wp-content\/uploads\/2022\/10\/mockup-FondationCJE_09.gif\" class=\"img-responsive wp-image-3928\"\/><\/span><\/div><div class=\"fusion-image-element \" style=\"text-align:center;--awb-caption-title-font-family:var(--h2_typography-font-family);--awb-caption-title-font-weight:var(--h2_typography-font-weight);--awb-caption-title-font-style:var(--h2_typography-font-style);--awb-caption-title-size:var(--h2_typography-font-size);--awb-caption-title-transform:var(--h2_typography-text-transform);--awb-caption-title-line-height:var(--h2_typography-line-height);--awb-caption-title-letter-spacing:var(--h2_typography-letter-spacing);\"><span class=\" fusion-imageframe imageframe-none imageframe-10 hover-type-none\"><img decoding=\"async\" width=\"1400\" height=\"4703\" alt=\"Fondation du Centre jeunesse de l&#039;Estrie \/ 2022 - R\u00e9alisation sign\u00e9e Projex Media\" title=\"realisation-ProjexMedia-FondationCJE-10\" src=\"https:\/\/projexmedia.com\/web\/wp-content\/uploads\/2022\/10\/mockup-FondationCJE_10-1.jpg\" class=\"img-responsive wp-image-3949\" srcset=\"https:\/\/projexmedia.com\/web\/wp-content\/uploads\/2022\/10\/mockup-FondationCJE_10-1-200x672.jpg 200w, https:\/\/projexmedia.com\/web\/wp-content\/uploads\/2022\/10\/mockup-FondationCJE_10-1-400x1344.jpg 400w, https:\/\/projexmedia.com\/web\/wp-content\/uploads\/2022\/10\/mockup-FondationCJE_10-1-600x2016.jpg 600w, https:\/\/projexmedia.com\/web\/wp-content\/uploads\/2022\/10\/mockup-FondationCJE_10-1-800x2687.jpg 800w, https:\/\/projexmedia.com\/web\/wp-content\/uploads\/2022\/10\/mockup-FondationCJE_10-1-1200x4031.jpg 1200w, https:\/\/projexmedia.com\/web\/wp-content\/uploads\/2022\/10\/mockup-FondationCJE_10-1.jpg 1400w\" sizes=\"(max-width: 1024px) 100vw, (max-width: 640px) 100vw, 1400px\" \/><\/span><\/div><\/div><\/div><\/div><\/div><div class=\"fusion-fullwidth fullwidth-box fusion-builder-row-2 fusion-flex-container boxed nonhundred-percent-fullwidth non-hundred-percent-height-scrolling\" style=\"--awb-border-radius-top-left:0px;--awb-border-radius-top-right:0px;--awb-border-radius-bottom-right:0px;--awb-border-radius-bottom-left:0px;--awb-margin-bottom:0px;--awb-flex-wrap:wrap;\" ><div class=\"fusion-builder-row fusion-row fusion-flex-align-items-flex-start fusion-flex-content-wrap\" style=\"max-width:106%;margin-left: calc(-6% \/ 2 );margin-right: calc(-6% \/ 2 );\"><div class=\"fusion-layout-column fusion_builder_column fusion-builder-column-1 fusion_builder_column_1_1 1_1 fusion-flex-column\" style=\"--awb-bg-size:cover;--awb-width-large:100%;--awb-margin-top-large:0px;--awb-spacing-right-large:2.82%;--awb-margin-bottom-large:0px;--awb-spacing-left-large:2.82%;--awb-width-medium:100%;--awb-order-medium:0;--awb-spacing-right-medium:2.82%;--awb-spacing-left-medium:2.82%;--awb-width-small:100%;--awb-order-small:0;--awb-spacing-right-small:2.82%;--awb-spacing-left-small:2.82%;\"><div class=\"fusion-column-wrapper fusion-column-has-shadow fusion-flex-justify-content-flex-start fusion-content-layout-column\"><div class=\"fusion-text fusion-text-1 font_25\" style=\"--awb-content-alignment:center;--awb-text-transform:none;\"><p><a href=\"https:\/\/www.fondationcje.com\/\" target=\"_blank\" rel=\"noopener\">fondationcje.com<\/a><\/p>\n<\/div><div class=\"fusion-separator fusion-full-width-sep\" style=\"align-self: center;margin-left: auto;margin-right: auto;margin-bottom:20px;width:100%;\"><\/div><div class=\"fusion-text fusion-text-2\" style=\"--awb-content-alignment:center;--awb-text-transform:none;\"><p><strong>PROJEX MEDIA<\/strong><br \/>\nGestionnaire de projet \u2014 M\u00e9lanie Denis<br \/>\nDesign graphique et int\u00e9gration Web \u2014 Marie-Claude Fontaine<br \/>\nProgrammation et d\u00e9veloppement \u2014 Guillaume Tessier<\/p>\n<\/div><div class=\"fusion-separator fusion-full-width-sep\" style=\"align-self: center;margin-left: auto;margin-right: auto;margin-bottom:20px;width:100%;\"><\/div><div class=\"fusion-text fusion-text-3 description\" style=\"--awb-text-transform:none;\"><p>La Fondation du Centre Jeunesse de l\u2019Estrie vient en aide \u00e0 des enfants et adolescents \u00e2g\u00e9s de 0 \u00e0 17 ans qui ont en commun un pass\u00e9 difficile et qui se battent pour reb\u00e2tir leurs r\u00eaves. Beaucoup d\u2019entre eux ont \u00e9t\u00e9 victimes d\u2019abus, de violences physiques, psychologiques, de n\u00e9gligence et d\u2019abandon. La Fondation CJE est l\u00e0 pour les appuyer dans leurs projets! Projex Media est fier de s\u2019associer \u00e0 la Fondation et de travailler une refonte compl\u00e8te de leur site Web dans l\u2019optique de renouveler l\u2019image de marque et de mettre de l\u2019avant leurs nouveaux objectifs et projets \u00e0 venir. D\u00e9sirant capter l\u2019attention des utilisateurs, nous pr\u00e9sentons des options pour venir en aide \u00e0 la Fondation CJE par l\u2019entremise de dons, par recrutement pour devenir b\u00e9n\u00e9vole ou partenaire. Un tout nouveau site Web corporatif anim\u00e9 et beaucoup plus attrayant pour inciter les gens \u00e0 aider les jeunes en difficult\u00e9 et s\u2019informer sur la mission de l\u2019entreprise. On ajoute \u00e9galement le d\u00e9veloppement d\u2019un intranet personnalis\u00e9 pour les intervenants, permettant ainsi de remplir les demandes d\u2019intervention en ligne et favoriser une gestion rapide des dossiers \u00e0 traiter. Suite \u00e0 cette m\u00e9tamorphose, la conception d\u2019un d\u00e9pliant 3 volets est cr\u00e9\u00e9 dans l\u2019optique d\u2019informer les citoyens \u00e0 propos de la Fondation CJE et comment il est possible de s\u2019impliquer.<\/p>\n<\/div><\/div><\/div><\/div><\/div><\/p>\n","protected":false},"excerpt":{"rendered":"","protected":false},"author":2,"featured_media":3952,"menu_order":0,"comment_status":"closed","ping_status":"closed","template":"","format":"standard","meta":[],"portfolio_category":[7,13],"portfolio_skills":[],"portfolio_tags":[226,171,227,28,138,228,187,225,224,102,222,30],"acf":[],"yoast_head":"<!-- This site is optimized with the Yoast SEO plugin v22.5 - https:\/\/yoast.com\/wordpress\/plugins\/seo\/ -->\n<title>Fondation du Centre jeunesse de l&#039;Estrie - Projex Media<\/title>\n<meta name=\"description\" content=\"Conception de sites Web en Estrie. Fondation du Centre jeunesse de l&#039;Estrie par Projex Media.\" \/>\n<meta name=\"robots\" content=\"index, follow, max-snippet:-1, max-image-preview:large, max-video-preview:-1\" \/>\n<link rel=\"canonical\" href=\"https:\/\/projexmedia.com\/web\/realisations\/fondation-du-centre-jeunesse-de-lestrie\/\" \/>\n<meta property=\"og:locale\" content=\"fr_CA\" \/>\n<meta property=\"og:type\" content=\"article\" \/>\n<meta property=\"og:title\" content=\"Fondation du Centre jeunesse de l&#039;Estrie - Projex Media\" \/>\n<meta property=\"og:description\" content=\"Conception de sites Web en Estrie. Fondation du Centre jeunesse de l&#039;Estrie par Projex Media.\" \/>\n<meta property=\"og:url\" content=\"https:\/\/projexmedia.com\/web\/realisations\/fondation-du-centre-jeunesse-de-lestrie\/\" \/>\n<meta property=\"og:site_name\" content=\"Projex Media\" \/>\n<meta property=\"article:modified_time\" content=\"2023-07-27T16:42:05+00:00\" \/>\n<meta property=\"og:image\" content=\"https:\/\/projexmedia.com\/web\/wp-content\/uploads\/2022\/10\/realisation-ProjexMedia-FondationCJE-Front.gif\" \/>\n\t<meta property=\"og:image:width\" content=\"1200\" \/>\n\t<meta property=\"og:image:height\" content=\"1200\" \/>\n\t<meta property=\"og:image:type\" content=\"image\/gif\" \/>\n<meta name=\"twitter:card\" content=\"summary_large_image\" \/>\n<script type=\"application\/ld+json\" class=\"yoast-schema-graph\">{\"@context\":\"https:\/\/schema.org\",\"@graph\":[{\"@type\":\"WebPage\",\"@id\":\"https:\/\/projexmedia.com\/web\/realisations\/fondation-du-centre-jeunesse-de-lestrie\/\",\"url\":\"https:\/\/projexmedia.com\/web\/realisations\/fondation-du-centre-jeunesse-de-lestrie\/\",\"name\":\"Fondation du Centre jeunesse de l'Estrie - Projex Media\",\"isPartOf\":{\"@id\":\"https:\/\/projexmedia.com\/web\/#website\"},\"primaryImageOfPage\":{\"@id\":\"https:\/\/projexmedia.com\/web\/realisations\/fondation-du-centre-jeunesse-de-lestrie\/#primaryimage\"},\"image\":{\"@id\":\"https:\/\/projexmedia.com\/web\/realisations\/fondation-du-centre-jeunesse-de-lestrie\/#primaryimage\"},\"thumbnailUrl\":\"https:\/\/projexmedia.com\/web\/wp-content\/uploads\/2022\/10\/realisation-ProjexMedia-FondationCJE-Front.gif\",\"datePublished\":\"2022-10-03T15:34:18+00:00\",\"dateModified\":\"2023-07-27T16:42:05+00:00\",\"description\":\"Conception de sites Web en Estrie. Fondation du Centre jeunesse de l'Estrie par Projex Media.\",\"breadcrumb\":{\"@id\":\"https:\/\/projexmedia.com\/web\/realisations\/fondation-du-centre-jeunesse-de-lestrie\/#breadcrumb\"},\"inLanguage\":\"fr-CA\",\"potentialAction\":[{\"@type\":\"ReadAction\",\"target\":[\"https:\/\/projexmedia.com\/web\/realisations\/fondation-du-centre-jeunesse-de-lestrie\/\"]}]},{\"@type\":\"ImageObject\",\"inLanguage\":\"fr-CA\",\"@id\":\"https:\/\/projexmedia.com\/web\/realisations\/fondation-du-centre-jeunesse-de-lestrie\/#primaryimage\",\"url\":\"https:\/\/projexmedia.com\/web\/wp-content\/uploads\/2022\/10\/realisation-ProjexMedia-FondationCJE-Front.gif\",\"contentUrl\":\"https:\/\/projexmedia.com\/web\/wp-content\/uploads\/2022\/10\/realisation-ProjexMedia-FondationCJE-Front.gif\",\"width\":1200,\"height\":1200},{\"@type\":\"BreadcrumbList\",\"@id\":\"https:\/\/projexmedia.com\/web\/realisations\/fondation-du-centre-jeunesse-de-lestrie\/#breadcrumb\",\"itemListElement\":[{\"@type\":\"ListItem\",\"position\":1,\"name\":\"Accueil\",\"item\":\"https:\/\/projexmedia.com\/web\/\"},{\"@type\":\"ListItem\",\"position\":2,\"name\":\"Portfolio\",\"item\":\"https:\/\/projexmedia.com\/web\/realisations\/\"},{\"@type\":\"ListItem\",\"position\":3,\"name\":\"Fondation du Centre jeunesse de l&rsquo;Estrie\"}]},{\"@type\":\"WebSite\",\"@id\":\"https:\/\/projexmedia.com\/web\/#website\",\"url\":\"https:\/\/projexmedia.com\/web\/\",\"name\":\"Projex Media\",\"description\":\"Conception de sites Web Sherbrooke, Montr\u00e9al, Bromont, Estrie\",\"publisher\":{\"@id\":\"https:\/\/projexmedia.com\/web\/#organization\"},\"potentialAction\":[{\"@type\":\"SearchAction\",\"target\":{\"@type\":\"EntryPoint\",\"urlTemplate\":\"https:\/\/projexmedia.com\/web\/?s={search_term_string}\"},\"query-input\":\"required name=search_term_string\"}],\"inLanguage\":\"fr-CA\"},{\"@type\":\"Organization\",\"@id\":\"https:\/\/projexmedia.com\/web\/#organization\",\"name\":\"Projex Media\",\"url\":\"https:\/\/projexmedia.com\/web\/\",\"logo\":{\"@type\":\"ImageObject\",\"inLanguage\":\"fr-CA\",\"@id\":\"https:\/\/projexmedia.com\/web\/#\/schema\/logo\/image\/\",\"url\":\"https:\/\/projexmedia.com\/web\/wp-content\/uploads\/2020\/12\/Projex.png\",\"contentUrl\":\"https:\/\/projexmedia.com\/web\/wp-content\/uploads\/2020\/12\/Projex.png\",\"width\":150,\"height\":130,\"caption\":\"Projex Media\"},\"image\":{\"@id\":\"https:\/\/projexmedia.com\/web\/#\/schema\/logo\/image\/\"}}]}<\/script>\n<!-- \/ Yoast SEO plugin. -->","yoast_head_json":{"title":"Fondation du Centre jeunesse de l'Estrie - Projex Media","description":"Conception de sites Web en Estrie. Fondation du Centre jeunesse de l'Estrie par Projex Media.","robots":{"index":"index","follow":"follow","max-snippet":"max-snippet:-1","max-image-preview":"max-image-preview:large","max-video-preview":"max-video-preview:-1"},"canonical":"https:\/\/projexmedia.com\/web\/realisations\/fondation-du-centre-jeunesse-de-lestrie\/","og_locale":"fr_CA","og_type":"article","og_title":"Fondation du Centre jeunesse de l'Estrie - Projex Media","og_description":"Conception de sites Web en Estrie. Fondation du Centre jeunesse de l'Estrie par Projex Media.","og_url":"https:\/\/projexmedia.com\/web\/realisations\/fondation-du-centre-jeunesse-de-lestrie\/","og_site_name":"Projex Media","article_modified_time":"2023-07-27T16:42:05+00:00","og_image":[{"width":1200,"height":1200,"url":"https:\/\/projexmedia.com\/web\/wp-content\/uploads\/2022\/10\/realisation-ProjexMedia-FondationCJE-Front.gif","type":"image\/gif"}],"twitter_card":"summary_large_image","schema":{"@context":"https:\/\/schema.org","@graph":[{"@type":"WebPage","@id":"https:\/\/projexmedia.com\/web\/realisations\/fondation-du-centre-jeunesse-de-lestrie\/","url":"https:\/\/projexmedia.com\/web\/realisations\/fondation-du-centre-jeunesse-de-lestrie\/","name":"Fondation du Centre jeunesse de l'Estrie - Projex Media","isPartOf":{"@id":"https:\/\/projexmedia.com\/web\/#website"},"primaryImageOfPage":{"@id":"https:\/\/projexmedia.com\/web\/realisations\/fondation-du-centre-jeunesse-de-lestrie\/#primaryimage"},"image":{"@id":"https:\/\/projexmedia.com\/web\/realisations\/fondation-du-centre-jeunesse-de-lestrie\/#primaryimage"},"thumbnailUrl":"https:\/\/projexmedia.com\/web\/wp-content\/uploads\/2022\/10\/realisation-ProjexMedia-FondationCJE-Front.gif","datePublished":"2022-10-03T15:34:18+00:00","dateModified":"2023-07-27T16:42:05+00:00","description":"Conception de sites Web en Estrie. Fondation du Centre jeunesse de l'Estrie par Projex Media.","breadcrumb":{"@id":"https:\/\/projexmedia.com\/web\/realisations\/fondation-du-centre-jeunesse-de-lestrie\/#breadcrumb"},"inLanguage":"fr-CA","potentialAction":[{"@type":"ReadAction","target":["https:\/\/projexmedia.com\/web\/realisations\/fondation-du-centre-jeunesse-de-lestrie\/"]}]},{"@type":"ImageObject","inLanguage":"fr-CA","@id":"https:\/\/projexmedia.com\/web\/realisations\/fondation-du-centre-jeunesse-de-lestrie\/#primaryimage","url":"https:\/\/projexmedia.com\/web\/wp-content\/uploads\/2022\/10\/realisation-ProjexMedia-FondationCJE-Front.gif","contentUrl":"https:\/\/projexmedia.com\/web\/wp-content\/uploads\/2022\/10\/realisation-ProjexMedia-FondationCJE-Front.gif","width":1200,"height":1200},{"@type":"BreadcrumbList","@id":"https:\/\/projexmedia.com\/web\/realisations\/fondation-du-centre-jeunesse-de-lestrie\/#breadcrumb","itemListElement":[{"@type":"ListItem","position":1,"name":"Accueil","item":"https:\/\/projexmedia.com\/web\/"},{"@type":"ListItem","position":2,"name":"Portfolio","item":"https:\/\/projexmedia.com\/web\/realisations\/"},{"@type":"ListItem","position":3,"name":"Fondation du Centre jeunesse de l&rsquo;Estrie"}]},{"@type":"WebSite","@id":"https:\/\/projexmedia.com\/web\/#website","url":"https:\/\/projexmedia.com\/web\/","name":"Projex Media","description":"Conception de sites Web Sherbrooke, Montr\u00e9al, Bromont, Estrie","publisher":{"@id":"https:\/\/projexmedia.com\/web\/#organization"},"potentialAction":[{"@type":"SearchAction","target":{"@type":"EntryPoint","urlTemplate":"https:\/\/projexmedia.com\/web\/?s={search_term_string}"},"query-input":"required name=search_term_string"}],"inLanguage":"fr-CA"},{"@type":"Organization","@id":"https:\/\/projexmedia.com\/web\/#organization","name":"Projex Media","url":"https:\/\/projexmedia.com\/web\/","logo":{"@type":"ImageObject","inLanguage":"fr-CA","@id":"https:\/\/projexmedia.com\/web\/#\/schema\/logo\/image\/","url":"https:\/\/projexmedia.com\/web\/wp-content\/uploads\/2020\/12\/Projex.png","contentUrl":"https:\/\/projexmedia.com\/web\/wp-content\/uploads\/2020\/12\/Projex.png","width":150,"height":130,"caption":"Projex Media"},"image":{"@id":"https:\/\/projexmedia.com\/web\/#\/schema\/logo\/image\/"}}]}},"_links":{"self":[{"href":"https:\/\/projexmedia.com\/web\/wp-json\/wp\/v2\/avada_portfolio\/3910"}],"collection":[{"href":"https:\/\/projexmedia.com\/web\/wp-json\/wp\/v2\/avada_portfolio"}],"about":[{"href":"https:\/\/projexmedia.com\/web\/wp-json\/wp\/v2\/types\/avada_portfolio"}],"author":[{"embeddable":true,"href":"https:\/\/projexmedia.com\/web\/wp-json\/wp\/v2\/users\/2"}],"replies":[{"embeddable":true,"href":"https:\/\/projexmedia.com\/web\/wp-json\/wp\/v2\/comments?post=3910"}],"version-history":[{"count":6,"href":"https:\/\/projexmedia.com\/web\/wp-json\/wp\/v2\/avada_portfolio\/3910\/revisions"}],"predecessor-version":[{"id":3951,"href":"https:\/\/projexmedia.com\/web\/wp-json\/wp\/v2\/avada_portfolio\/3910\/revisions\/3951"}],"wp:featuredmedia":[{"embeddable":true,"href":"https:\/\/projexmedia.com\/web\/wp-json\/wp\/v2\/media\/3952"}],"wp:attachment":[{"href":"https:\/\/projexmedia.com\/web\/wp-json\/wp\/v2\/media?parent=3910"}],"wp:term":[{"taxonomy":"portfolio_category","embeddable":true,"href":"https:\/\/projexmedia.com\/web\/wp-json\/wp\/v2\/portfolio_category?post=3910"},{"taxonomy":"portfolio_skills","embeddable":true,"href":"https:\/\/projexmedia.com\/web\/wp-json\/wp\/v2\/portfolio_skills?post=3910"},{"taxonomy":"portfolio_tags","embeddable":true,"href":"https:\/\/projexmedia.com\/web\/wp-json\/wp\/v2\/portfolio_tags?post=3910"}],"curies":[{"name":"wp","href":"https:\/\/api.w.org\/{rel}","templated":true}]}}