{"id":4096,"date":"2023-04-11T11:30:41","date_gmt":"2023-04-11T15:30:41","guid":{"rendered":"https:\/\/projexmedia.com\/web\/?post_type=avada_portfolio&#038;p=4096"},"modified":"2023-08-01T10:10:08","modified_gmt":"2023-08-01T14:10:08","slug":"sentiers-frontaliers","status":"publish","type":"avada_portfolio","link":"https:\/\/projexmedia.com\/web\/realisations\/sentiers-frontaliers\/","title":{"rendered":"Sentiers frontaliers"},"content":{"rendered":"<p><div class=\"fusion-fullwidth fullwidth-box fusion-builder-row-1 fusion-flex-container nonhundred-percent-fullwidth non-hundred-percent-height-scrolling\" style=\"--awb-border-radius-top-left:0px;--awb-border-radius-top-right:0px;--awb-border-radius-bottom-right:0px;--awb-border-radius-bottom-left:0px;--awb-flex-wrap:wrap;\" ><div class=\"fusion-builder-row fusion-row fusion-flex-align-items-flex-start fusion-flex-content-wrap\" style=\"max-width:106%;margin-left: calc(-6% \/ 2 );margin-right: calc(-6% \/ 2 );\"><div class=\"fusion-layout-column fusion_builder_column fusion-builder-column-0 fusion_builder_column_1_1 1_1 fusion-flex-column\" style=\"--awb-bg-size:cover;--awb-width-large:100%;--awb-margin-top-large:0px;--awb-spacing-right-large:2.82%;--awb-margin-bottom-large:80px;--awb-spacing-left-large:2.82%;--awb-width-medium:100%;--awb-order-medium:0;--awb-spacing-right-medium:2.82%;--awb-spacing-left-medium:2.82%;--awb-width-small:100%;--awb-order-small:0;--awb-spacing-right-small:2.82%;--awb-spacing-left-small:2.82%;\"><div class=\"fusion-column-wrapper fusion-column-has-shadow fusion-flex-justify-content-flex-start fusion-content-layout-column\"><div class=\"fusion-image-element \" style=\"text-align:center;--awb-caption-title-font-family:var(--h2_typography-font-family);--awb-caption-title-font-weight:var(--h2_typography-font-weight);--awb-caption-title-font-style:var(--h2_typography-font-style);--awb-caption-title-size:var(--h2_typography-font-size);--awb-caption-title-transform:var(--h2_typography-text-transform);--awb-caption-title-line-height:var(--h2_typography-line-height);--awb-caption-title-letter-spacing:var(--h2_typography-letter-spacing);\"><span class=\" fusion-imageframe imageframe-none imageframe-1 hover-type-none\"><img decoding=\"async\" width=\"1400\" height=\"737\" alt=\"Sentiers frontaliers \/ 2023 - R\u00e9alisation sign\u00e9e Projex Media\" title=\"realisation-Sentiers-Frontalier-portfolio-projex-media-01\" src=\"https:\/\/projexmedia.com\/web\/wp-content\/uploads\/2023\/04\/realisation-Sentiers-Frontalier-portfolio-projex-media-01.png\" class=\"img-responsive wp-image-4166\" srcset=\"https:\/\/projexmedia.com\/web\/wp-content\/uploads\/2023\/04\/realisation-Sentiers-Frontalier-portfolio-projex-media-01-200x105.png 200w, https:\/\/projexmedia.com\/web\/wp-content\/uploads\/2023\/04\/realisation-Sentiers-Frontalier-portfolio-projex-media-01-400x211.png 400w, https:\/\/projexmedia.com\/web\/wp-content\/uploads\/2023\/04\/realisation-Sentiers-Frontalier-portfolio-projex-media-01-600x316.png 600w, https:\/\/projexmedia.com\/web\/wp-content\/uploads\/2023\/04\/realisation-Sentiers-Frontalier-portfolio-projex-media-01-800x421.png 800w, https:\/\/projexmedia.com\/web\/wp-content\/uploads\/2023\/04\/realisation-Sentiers-Frontalier-portfolio-projex-media-01-1200x632.png 1200w, https:\/\/projexmedia.com\/web\/wp-content\/uploads\/2023\/04\/realisation-Sentiers-Frontalier-portfolio-projex-media-01.png 1400w\" sizes=\"(max-width: 1024px) 100vw, (max-width: 640px) 100vw, 1400px\" \/><\/span><\/div><div class=\"fusion-image-element \" style=\"text-align:center;--awb-caption-title-font-family:var(--h2_typography-font-family);--awb-caption-title-font-weight:var(--h2_typography-font-weight);--awb-caption-title-font-style:var(--h2_typography-font-style);--awb-caption-title-size:var(--h2_typography-font-size);--awb-caption-title-transform:var(--h2_typography-text-transform);--awb-caption-title-line-height:var(--h2_typography-line-height);--awb-caption-title-letter-spacing:var(--h2_typography-letter-spacing);\"><span class=\" fusion-imageframe imageframe-none imageframe-2 hover-type-none\"><img decoding=\"async\" width=\"1400\" height=\"1605\" alt=\"Sentiers frontaliers \/ 2023 - R\u00e9alisation sign\u00e9e Projex Media\" title=\"realisation-Sentiers-Frontalier-portfolio-projex-media-02\" src=\"https:\/\/projexmedia.com\/web\/wp-content\/uploads\/2023\/04\/realisation-Sentiers-Frontalier-portfolio-projex-media-02.png\" class=\"img-responsive wp-image-4168\" srcset=\"https:\/\/projexmedia.com\/web\/wp-content\/uploads\/2023\/04\/realisation-Sentiers-Frontalier-portfolio-projex-media-02-200x229.png 200w, https:\/\/projexmedia.com\/web\/wp-content\/uploads\/2023\/04\/realisation-Sentiers-Frontalier-portfolio-projex-media-02-400x459.png 400w, https:\/\/projexmedia.com\/web\/wp-content\/uploads\/2023\/04\/realisation-Sentiers-Frontalier-portfolio-projex-media-02-600x688.png 600w, https:\/\/projexmedia.com\/web\/wp-content\/uploads\/2023\/04\/realisation-Sentiers-Frontalier-portfolio-projex-media-02-800x917.png 800w, https:\/\/projexmedia.com\/web\/wp-content\/uploads\/2023\/04\/realisation-Sentiers-Frontalier-portfolio-projex-media-02-1200x1376.png 1200w, https:\/\/projexmedia.com\/web\/wp-content\/uploads\/2023\/04\/realisation-Sentiers-Frontalier-portfolio-projex-media-02.png 1400w\" sizes=\"(max-width: 1024px) 100vw, (max-width: 640px) 100vw, 1400px\" \/><\/span><\/div><div class=\"fusion-image-element \" style=\"text-align:center;--awb-caption-title-font-family:var(--h2_typography-font-family);--awb-caption-title-font-weight:var(--h2_typography-font-weight);--awb-caption-title-font-style:var(--h2_typography-font-style);--awb-caption-title-size:var(--h2_typography-font-size);--awb-caption-title-transform:var(--h2_typography-text-transform);--awb-caption-title-line-height:var(--h2_typography-line-height);--awb-caption-title-letter-spacing:var(--h2_typography-letter-spacing);\"><span class=\" fusion-imageframe imageframe-none imageframe-3 hover-type-none\"><img decoding=\"async\" width=\"1400\" height=\"1372\" alt=\"Sentiers frontaliers \/ 2023 - R\u00e9alisation sign\u00e9e Projex Media\" title=\"realisation-Sentiers-Frontalier-portfolio-projex-media-03\" src=\"https:\/\/projexmedia.com\/web\/wp-content\/uploads\/2023\/04\/realisation-Sentiers-Frontalier-portfolio-projex-media-03.gif\" class=\"img-responsive wp-image-4170\"\/><\/span><\/div><div class=\"fusion-image-element \" style=\"text-align:center;--awb-caption-title-font-family:var(--h2_typography-font-family);--awb-caption-title-font-weight:var(--h2_typography-font-weight);--awb-caption-title-font-style:var(--h2_typography-font-style);--awb-caption-title-size:var(--h2_typography-font-size);--awb-caption-title-transform:var(--h2_typography-text-transform);--awb-caption-title-line-height:var(--h2_typography-line-height);--awb-caption-title-letter-spacing:var(--h2_typography-letter-spacing);\"><span class=\" fusion-imageframe imageframe-none imageframe-4 hover-type-none\"><img decoding=\"async\" width=\"1400\" height=\"530\" alt=\"Sentiers frontaliers \/ 2023 - R\u00e9alisation sign\u00e9e Projex Media\" title=\"realisation-Sentiers-Frontalier-portfolio-projex-media-04\" src=\"https:\/\/projexmedia.com\/web\/wp-content\/uploads\/2023\/04\/realisation-Sentiers-Frontalier-portfolio-projex-media-04.png\" class=\"img-responsive wp-image-4172\" srcset=\"https:\/\/projexmedia.com\/web\/wp-content\/uploads\/2023\/04\/realisation-Sentiers-Frontalier-portfolio-projex-media-04-200x76.png 200w, https:\/\/projexmedia.com\/web\/wp-content\/uploads\/2023\/04\/realisation-Sentiers-Frontalier-portfolio-projex-media-04-400x151.png 400w, https:\/\/projexmedia.com\/web\/wp-content\/uploads\/2023\/04\/realisation-Sentiers-Frontalier-portfolio-projex-media-04-600x227.png 600w, https:\/\/projexmedia.com\/web\/wp-content\/uploads\/2023\/04\/realisation-Sentiers-Frontalier-portfolio-projex-media-04-800x303.png 800w, https:\/\/projexmedia.com\/web\/wp-content\/uploads\/2023\/04\/realisation-Sentiers-Frontalier-portfolio-projex-media-04-1200x454.png 1200w, https:\/\/projexmedia.com\/web\/wp-content\/uploads\/2023\/04\/realisation-Sentiers-Frontalier-portfolio-projex-media-04.png 1400w\" sizes=\"(max-width: 1024px) 100vw, (max-width: 640px) 100vw, 1400px\" \/><\/span><\/div><div class=\"fusion-image-element \" style=\"text-align:center;--awb-caption-title-font-family:var(--h2_typography-font-family);--awb-caption-title-font-weight:var(--h2_typography-font-weight);--awb-caption-title-font-style:var(--h2_typography-font-style);--awb-caption-title-size:var(--h2_typography-font-size);--awb-caption-title-transform:var(--h2_typography-text-transform);--awb-caption-title-line-height:var(--h2_typography-line-height);--awb-caption-title-letter-spacing:var(--h2_typography-letter-spacing);\"><span class=\" fusion-imageframe imageframe-none imageframe-5 hover-type-none\"><img decoding=\"async\" width=\"1400\" height=\"737\" alt=\"Sentiers frontaliers \/ 2023 - R\u00e9alisation sign\u00e9e Projex Media\" title=\"realisation-Sentiers-Frontalier-portfolio-projex-media-05\" src=\"https:\/\/projexmedia.com\/web\/wp-content\/uploads\/2023\/04\/realisation-Sentiers-Frontalier-portfolio-projex-media-05.png\" class=\"img-responsive wp-image-4174\" srcset=\"https:\/\/projexmedia.com\/web\/wp-content\/uploads\/2023\/04\/realisation-Sentiers-Frontalier-portfolio-projex-media-05-200x105.png 200w, https:\/\/projexmedia.com\/web\/wp-content\/uploads\/2023\/04\/realisation-Sentiers-Frontalier-portfolio-projex-media-05-400x211.png 400w, https:\/\/projexmedia.com\/web\/wp-content\/uploads\/2023\/04\/realisation-Sentiers-Frontalier-portfolio-projex-media-05-600x316.png 600w, https:\/\/projexmedia.com\/web\/wp-content\/uploads\/2023\/04\/realisation-Sentiers-Frontalier-portfolio-projex-media-05-800x421.png 800w, https:\/\/projexmedia.com\/web\/wp-content\/uploads\/2023\/04\/realisation-Sentiers-Frontalier-portfolio-projex-media-05-1200x632.png 1200w, https:\/\/projexmedia.com\/web\/wp-content\/uploads\/2023\/04\/realisation-Sentiers-Frontalier-portfolio-projex-media-05.png 1400w\" sizes=\"(max-width: 1024px) 100vw, (max-width: 640px) 100vw, 1400px\" \/><\/span><\/div><div class=\"fusion-image-element \" style=\"text-align:center;--awb-caption-title-font-family:var(--h2_typography-font-family);--awb-caption-title-font-weight:var(--h2_typography-font-weight);--awb-caption-title-font-style:var(--h2_typography-font-style);--awb-caption-title-size:var(--h2_typography-font-size);--awb-caption-title-transform:var(--h2_typography-text-transform);--awb-caption-title-line-height:var(--h2_typography-line-height);--awb-caption-title-letter-spacing:var(--h2_typography-letter-spacing);\"><span class=\" fusion-imageframe imageframe-none imageframe-6 hover-type-none\"><img decoding=\"async\" width=\"1400\" height=\"1060\" alt=\"Sentiers frontaliers \/ 2023 - R\u00e9alisation sign\u00e9e Projex Media\" title=\"realisation-Sentiers-Frontalier-portfolio-projex-media-06\" src=\"https:\/\/projexmedia.com\/web\/wp-content\/uploads\/2023\/04\/realisation-Sentiers-Frontalier-portfolio-projex-media-06.gif\" class=\"img-responsive wp-image-4176\"\/><\/span><\/div><div class=\"fusion-image-element \" style=\"text-align:center;--awb-caption-title-font-family:var(--h2_typography-font-family);--awb-caption-title-font-weight:var(--h2_typography-font-weight);--awb-caption-title-font-style:var(--h2_typography-font-style);--awb-caption-title-size:var(--h2_typography-font-size);--awb-caption-title-transform:var(--h2_typography-text-transform);--awb-caption-title-line-height:var(--h2_typography-line-height);--awb-caption-title-letter-spacing:var(--h2_typography-letter-spacing);\"><span class=\" fusion-imageframe imageframe-none imageframe-7 hover-type-none\"><img decoding=\"async\" width=\"1400\" height=\"1011\" alt=\"Sentiers frontaliers \/ 2023 - R\u00e9alisation sign\u00e9e Projex Media\" title=\"realisation-Sentiers-Frontalier-portfolio-projex-media-07\" src=\"https:\/\/projexmedia.com\/web\/wp-content\/uploads\/2023\/04\/realisation-Sentiers-Frontalier-portfolio-projex-media-07.png\" class=\"img-responsive wp-image-4178\" srcset=\"https:\/\/projexmedia.com\/web\/wp-content\/uploads\/2023\/04\/realisation-Sentiers-Frontalier-portfolio-projex-media-07-200x144.png 200w, https:\/\/projexmedia.com\/web\/wp-content\/uploads\/2023\/04\/realisation-Sentiers-Frontalier-portfolio-projex-media-07-400x289.png 400w, https:\/\/projexmedia.com\/web\/wp-content\/uploads\/2023\/04\/realisation-Sentiers-Frontalier-portfolio-projex-media-07-600x433.png 600w, https:\/\/projexmedia.com\/web\/wp-content\/uploads\/2023\/04\/realisation-Sentiers-Frontalier-portfolio-projex-media-07-800x578.png 800w, https:\/\/projexmedia.com\/web\/wp-content\/uploads\/2023\/04\/realisation-Sentiers-Frontalier-portfolio-projex-media-07-1200x867.png 1200w, https:\/\/projexmedia.com\/web\/wp-content\/uploads\/2023\/04\/realisation-Sentiers-Frontalier-portfolio-projex-media-07.png 1400w\" sizes=\"(max-width: 1024px) 100vw, (max-width: 640px) 100vw, 1400px\" \/><\/span><\/div><div class=\"fusion-image-element \" style=\"text-align:center;--awb-caption-title-font-family:var(--h2_typography-font-family);--awb-caption-title-font-weight:var(--h2_typography-font-weight);--awb-caption-title-font-style:var(--h2_typography-font-style);--awb-caption-title-size:var(--h2_typography-font-size);--awb-caption-title-transform:var(--h2_typography-text-transform);--awb-caption-title-line-height:var(--h2_typography-line-height);--awb-caption-title-letter-spacing:var(--h2_typography-letter-spacing);\"><span class=\" fusion-imageframe imageframe-none imageframe-8 hover-type-none\"><img decoding=\"async\" width=\"1400\" height=\"1057\" alt=\"Sentiers frontaliers \/ 2023 - R\u00e9alisation sign\u00e9e Projex Media\" title=\"realisation-Sentiers-Frontalier-portfolio-projex-media-08\" src=\"https:\/\/projexmedia.com\/web\/wp-content\/uploads\/2023\/04\/realisation-Sentiers-Frontalier-portfolio-projex-media-08.gif\" class=\"img-responsive wp-image-4183\"\/><\/span><\/div><div class=\"fusion-image-element \" style=\"text-align:center;--awb-caption-title-font-family:var(--h2_typography-font-family);--awb-caption-title-font-weight:var(--h2_typography-font-weight);--awb-caption-title-font-style:var(--h2_typography-font-style);--awb-caption-title-size:var(--h2_typography-font-size);--awb-caption-title-transform:var(--h2_typography-text-transform);--awb-caption-title-line-height:var(--h2_typography-line-height);--awb-caption-title-letter-spacing:var(--h2_typography-letter-spacing);\"><span class=\" fusion-imageframe imageframe-none imageframe-9 hover-type-none\"><img decoding=\"async\" width=\"1400\" height=\"548\" alt=\"Sentiers frontaliers \/ 2023 - R\u00e9alisation sign\u00e9e Projex Media\" title=\"realisation-Sentiers-Frontalier-portfolio-projex-media-09\" src=\"https:\/\/projexmedia.com\/web\/wp-content\/uploads\/2023\/04\/realisation-Sentiers-Frontalier-portfolio-projex-media-09.png\" class=\"img-responsive wp-image-4181\" srcset=\"https:\/\/projexmedia.com\/web\/wp-content\/uploads\/2023\/04\/realisation-Sentiers-Frontalier-portfolio-projex-media-09-200x78.png 200w, https:\/\/projexmedia.com\/web\/wp-content\/uploads\/2023\/04\/realisation-Sentiers-Frontalier-portfolio-projex-media-09-400x157.png 400w, https:\/\/projexmedia.com\/web\/wp-content\/uploads\/2023\/04\/realisation-Sentiers-Frontalier-portfolio-projex-media-09-600x235.png 600w, https:\/\/projexmedia.com\/web\/wp-content\/uploads\/2023\/04\/realisation-Sentiers-Frontalier-portfolio-projex-media-09-800x313.png 800w, https:\/\/projexmedia.com\/web\/wp-content\/uploads\/2023\/04\/realisation-Sentiers-Frontalier-portfolio-projex-media-09-1200x470.png 1200w, https:\/\/projexmedia.com\/web\/wp-content\/uploads\/2023\/04\/realisation-Sentiers-Frontalier-portfolio-projex-media-09.png 1400w\" sizes=\"(max-width: 1024px) 100vw, (max-width: 640px) 100vw, 1400px\" \/><\/span><\/div><div class=\"fusion-image-element \" style=\"text-align:center;--awb-caption-title-font-family:var(--h2_typography-font-family);--awb-caption-title-font-weight:var(--h2_typography-font-weight);--awb-caption-title-font-style:var(--h2_typography-font-style);--awb-caption-title-size:var(--h2_typography-font-size);--awb-caption-title-transform:var(--h2_typography-text-transform);--awb-caption-title-line-height:var(--h2_typography-line-height);--awb-caption-title-letter-spacing:var(--h2_typography-letter-spacing);\"><span class=\" fusion-imageframe imageframe-none imageframe-10 hover-type-none\"><img decoding=\"async\" width=\"1400\" height=\"5395\" alt=\"Sentiers frontaliers \/ 2023 - R\u00e9alisation sign\u00e9e Projex Media\" title=\"realisation-Sentiers-Frontalier-portfolio-projex-media-10\" src=\"https:\/\/projexmedia.com\/web\/wp-content\/uploads\/2023\/08\/realisation-Sentiers-Frontalier-portfolio-projex-media-10.jpg\" class=\"img-responsive wp-image-4186\" srcset=\"https:\/\/projexmedia.com\/web\/wp-content\/uploads\/2023\/08\/realisation-Sentiers-Frontalier-portfolio-projex-media-10-200x771.jpg 200w, https:\/\/projexmedia.com\/web\/wp-content\/uploads\/2023\/08\/realisation-Sentiers-Frontalier-portfolio-projex-media-10-400x1541.jpg 400w, https:\/\/projexmedia.com\/web\/wp-content\/uploads\/2023\/08\/realisation-Sentiers-Frontalier-portfolio-projex-media-10-600x2312.jpg 600w, https:\/\/projexmedia.com\/web\/wp-content\/uploads\/2023\/08\/realisation-Sentiers-Frontalier-portfolio-projex-media-10-800x3083.jpg 800w, https:\/\/projexmedia.com\/web\/wp-content\/uploads\/2023\/08\/realisation-Sentiers-Frontalier-portfolio-projex-media-10-1200x4624.jpg 1200w, https:\/\/projexmedia.com\/web\/wp-content\/uploads\/2023\/08\/realisation-Sentiers-Frontalier-portfolio-projex-media-10.jpg 1400w\" sizes=\"(max-width: 1024px) 100vw, (max-width: 640px) 100vw, 1400px\" \/><\/span><\/div><\/div><\/div><\/div><\/div><div class=\"fusion-fullwidth fullwidth-box fusion-builder-row-2 fusion-flex-container boxed nonhundred-percent-fullwidth non-hundred-percent-height-scrolling\" style=\"--awb-border-radius-top-left:0px;--awb-border-radius-top-right:0px;--awb-border-radius-bottom-right:0px;--awb-border-radius-bottom-left:0px;--awb-margin-bottom:0px;--awb-flex-wrap:wrap;\" ><div class=\"fusion-builder-row fusion-row fusion-flex-align-items-flex-start fusion-flex-content-wrap\" style=\"max-width:106%;margin-left: calc(-6% \/ 2 );margin-right: calc(-6% \/ 2 );\"><div class=\"fusion-layout-column fusion_builder_column fusion-builder-column-1 fusion_builder_column_1_1 1_1 fusion-flex-column\" style=\"--awb-bg-size:cover;--awb-width-large:100%;--awb-margin-top-large:0px;--awb-spacing-right-large:2.82%;--awb-margin-bottom-large:0px;--awb-spacing-left-large:2.82%;--awb-width-medium:100%;--awb-order-medium:0;--awb-spacing-right-medium:2.82%;--awb-spacing-left-medium:2.82%;--awb-width-small:100%;--awb-order-small:0;--awb-spacing-right-small:2.82%;--awb-spacing-left-small:2.82%;\"><div class=\"fusion-column-wrapper fusion-column-has-shadow fusion-flex-justify-content-flex-start fusion-content-layout-column\"><div class=\"fusion-text fusion-text-1 font_25\" style=\"--awb-content-alignment:center;--awb-text-transform:none;\"><p><a href=\"https:\/\/sentiersfrontaliers.com\/\" target=\"_blank\" rel=\"noopener\">sentiersfrontaliers.com<\/a><\/p>\n<\/div><div class=\"fusion-separator fusion-full-width-sep\" style=\"align-self: center;margin-left: auto;margin-right: auto;margin-bottom:20px;width:100%;\"><\/div><div class=\"fusion-text fusion-text-2\" style=\"--awb-content-alignment:center;--awb-text-transform:none;\"><p><strong>PROJEX MEDIA<\/strong><br \/>\nGestionnaire de projet \u2014 M\u00e9lanie Denis<br \/>\nDesign graphique et int\u00e9gration Web \u2014 Marie-Claude Fontaine<br \/>\nProgrammation et d\u00e9veloppement \u2014 Guillaume Tessier<\/p>\n<\/div><div class=\"fusion-separator fusion-full-width-sep\" style=\"align-self: center;margin-left: auto;margin-right: auto;margin-bottom:20px;width:100%;\"><\/div><div class=\"fusion-text fusion-text-3 description\" style=\"--awb-text-transform:none;\"><p>Sentiers frontaliers est un organisme sans but lucratif reconnu comme organisme de bienfaisance, promouvant les activit\u00e9s de plein air non motoris\u00e9es telles que la randonn\u00e9e p\u00e9destre et la raquette. Sentiers frontaliers se d\u00e9finit \u00e9galement par ses efforts d&rsquo;am\u00e9nagement, de construction et d&rsquo;entretien d&rsquo;un r\u00e9seau de randonn\u00e9e non motoris\u00e9e sur le territoire des MRC du Granit et du Haut-Saint-Fran\u00e7ois. D\u00e9sirant refaire le look et l&rsquo;arborescence de son site Web, Sentiers frontaliers mandate Projex Media pour concevoir un site informatif attrayant et invitant pour les visiteurs. Le contenu est donc \u00e9tudi\u00e9 et strat\u00e9giquement plac\u00e9 pour aider les visiteurs \u00e0 trouver des r\u00e9ponses \u00e0 leurs questions et planifier leur sortie de randonn\u00e9e sur le territoire de la MRC du Granit et du Haut-Saint-Fran\u00e7ois. Le design se doit de faire r\u00e9f\u00e9rence \u00e0 la nature et au camping en for\u00eat. Nous repr\u00e9senterons les montagnes et les sentiers \u00e0 l&rsquo;aide d&rsquo;ic\u00f4nes sp\u00e9cialement dessin\u00e9es et de lignes rappelant la topographie. Les images sont \u00e9galement tr\u00e8s significatives et offrent aux visiteurs une id\u00e9e de l&rsquo;ampleur des activit\u00e9s propos\u00e9es en montagne. En plus des conseils de s\u00e9curit\u00e9, de la description des sentiers et des informations pertinentes sur les membres de Sentiers frontaliers, nous ajoutons un blogue et un calendrier d&rsquo;\u00e9v\u00e9nements pour dynamiser et clarifier les informations \u00e9ph\u00e9m\u00e8res. Il est \u00e9galement possible de faire un don, devenir membre et acheter des items dans la boutique par l&rsquo;entremise de la billetterie xPayrience, la plateforme multicommerce d\u00e9velopp\u00e9e par Projex Media.<\/p>\n<\/div><\/div><\/div><\/div><\/div><\/p>\n","protected":false},"excerpt":{"rendered":"","protected":false},"author":2,"featured_media":4188,"menu_order":0,"comment_status":"closed","ping_status":"closed","template":"","format":"standard","meta":[],"portfolio_category":[7,3],"portfolio_skills":[],"portfolio_tags":[],"acf":[],"yoast_head":"<!-- This site is optimized with the Yoast SEO plugin v22.5 - https:\/\/yoast.com\/wordpress\/plugins\/seo\/ -->\n<title>Sentiers frontaliers - Projex Media<\/title>\n<meta name=\"description\" content=\"Conception de sites Web en Estrie. Sentiers frontaliers par Projex Media.\" \/>\n<meta name=\"robots\" content=\"index, follow, max-snippet:-1, max-image-preview:large, max-video-preview:-1\" \/>\n<link rel=\"canonical\" href=\"https:\/\/projexmedia.com\/web\/realisations\/sentiers-frontaliers\/\" \/>\n<meta property=\"og:locale\" content=\"fr_CA\" \/>\n<meta property=\"og:type\" content=\"article\" \/>\n<meta property=\"og:title\" content=\"Sentiers frontaliers - Projex Media\" \/>\n<meta property=\"og:description\" content=\"Conception de sites Web en Estrie. Sentiers frontaliers par Projex Media.\" \/>\n<meta property=\"og:url\" content=\"https:\/\/projexmedia.com\/web\/realisations\/sentiers-frontaliers\/\" \/>\n<meta property=\"og:site_name\" content=\"Projex Media\" \/>\n<meta property=\"article:modified_time\" content=\"2023-08-01T14:10:08+00:00\" \/>\n<meta property=\"og:image\" content=\"https:\/\/projexmedia.com\/web\/wp-content\/uploads\/2023\/04\/front-Sentiers-frontaliers-realisation-projexmedia.gif\" \/>\n\t<meta property=\"og:image:width\" content=\"1200\" \/>\n\t<meta property=\"og:image:height\" content=\"1200\" \/>\n\t<meta property=\"og:image:type\" content=\"image\/gif\" \/>\n<meta name=\"twitter:card\" content=\"summary_large_image\" \/>\n<script type=\"application\/ld+json\" class=\"yoast-schema-graph\">{\"@context\":\"https:\/\/schema.org\",\"@graph\":[{\"@type\":\"WebPage\",\"@id\":\"https:\/\/projexmedia.com\/web\/realisations\/sentiers-frontaliers\/\",\"url\":\"https:\/\/projexmedia.com\/web\/realisations\/sentiers-frontaliers\/\",\"name\":\"Sentiers frontaliers - Projex Media\",\"isPartOf\":{\"@id\":\"https:\/\/projexmedia.com\/web\/#website\"},\"primaryImageOfPage\":{\"@id\":\"https:\/\/projexmedia.com\/web\/realisations\/sentiers-frontaliers\/#primaryimage\"},\"image\":{\"@id\":\"https:\/\/projexmedia.com\/web\/realisations\/sentiers-frontaliers\/#primaryimage\"},\"thumbnailUrl\":\"https:\/\/projexmedia.com\/web\/wp-content\/uploads\/2023\/04\/front-Sentiers-frontaliers-realisation-projexmedia.gif\",\"datePublished\":\"2023-04-11T15:30:41+00:00\",\"dateModified\":\"2023-08-01T14:10:08+00:00\",\"description\":\"Conception de sites Web en Estrie. Sentiers frontaliers par Projex Media.\",\"breadcrumb\":{\"@id\":\"https:\/\/projexmedia.com\/web\/realisations\/sentiers-frontaliers\/#breadcrumb\"},\"inLanguage\":\"fr-CA\",\"potentialAction\":[{\"@type\":\"ReadAction\",\"target\":[\"https:\/\/projexmedia.com\/web\/realisations\/sentiers-frontaliers\/\"]}]},{\"@type\":\"ImageObject\",\"inLanguage\":\"fr-CA\",\"@id\":\"https:\/\/projexmedia.com\/web\/realisations\/sentiers-frontaliers\/#primaryimage\",\"url\":\"https:\/\/projexmedia.com\/web\/wp-content\/uploads\/2023\/04\/front-Sentiers-frontaliers-realisation-projexmedia.gif\",\"contentUrl\":\"https:\/\/projexmedia.com\/web\/wp-content\/uploads\/2023\/04\/front-Sentiers-frontaliers-realisation-projexmedia.gif\",\"width\":1200,\"height\":1200},{\"@type\":\"BreadcrumbList\",\"@id\":\"https:\/\/projexmedia.com\/web\/realisations\/sentiers-frontaliers\/#breadcrumb\",\"itemListElement\":[{\"@type\":\"ListItem\",\"position\":1,\"name\":\"Accueil\",\"item\":\"https:\/\/projexmedia.com\/web\/\"},{\"@type\":\"ListItem\",\"position\":2,\"name\":\"Portfolio\",\"item\":\"https:\/\/projexmedia.com\/web\/realisations\/\"},{\"@type\":\"ListItem\",\"position\":3,\"name\":\"Sentiers frontaliers\"}]},{\"@type\":\"WebSite\",\"@id\":\"https:\/\/projexmedia.com\/web\/#website\",\"url\":\"https:\/\/projexmedia.com\/web\/\",\"name\":\"Projex Media\",\"description\":\"Conception de sites Web Sherbrooke, Montr\u00e9al, Bromont, Estrie\",\"publisher\":{\"@id\":\"https:\/\/projexmedia.com\/web\/#organization\"},\"potentialAction\":[{\"@type\":\"SearchAction\",\"target\":{\"@type\":\"EntryPoint\",\"urlTemplate\":\"https:\/\/projexmedia.com\/web\/?s={search_term_string}\"},\"query-input\":\"required name=search_term_string\"}],\"inLanguage\":\"fr-CA\"},{\"@type\":\"Organization\",\"@id\":\"https:\/\/projexmedia.com\/web\/#organization\",\"name\":\"Projex Media\",\"url\":\"https:\/\/projexmedia.com\/web\/\",\"logo\":{\"@type\":\"ImageObject\",\"inLanguage\":\"fr-CA\",\"@id\":\"https:\/\/projexmedia.com\/web\/#\/schema\/logo\/image\/\",\"url\":\"https:\/\/projexmedia.com\/web\/wp-content\/uploads\/2020\/12\/Projex.png\",\"contentUrl\":\"https:\/\/projexmedia.com\/web\/wp-content\/uploads\/2020\/12\/Projex.png\",\"width\":150,\"height\":130,\"caption\":\"Projex Media\"},\"image\":{\"@id\":\"https:\/\/projexmedia.com\/web\/#\/schema\/logo\/image\/\"}}]}<\/script>\n<!-- \/ Yoast SEO plugin. -->","yoast_head_json":{"title":"Sentiers frontaliers - Projex Media","description":"Conception de sites Web en Estrie. Sentiers frontaliers par Projex Media.","robots":{"index":"index","follow":"follow","max-snippet":"max-snippet:-1","max-image-preview":"max-image-preview:large","max-video-preview":"max-video-preview:-1"},"canonical":"https:\/\/projexmedia.com\/web\/realisations\/sentiers-frontaliers\/","og_locale":"fr_CA","og_type":"article","og_title":"Sentiers frontaliers - Projex Media","og_description":"Conception de sites Web en Estrie. Sentiers frontaliers par Projex Media.","og_url":"https:\/\/projexmedia.com\/web\/realisations\/sentiers-frontaliers\/","og_site_name":"Projex Media","article_modified_time":"2023-08-01T14:10:08+00:00","og_image":[{"width":1200,"height":1200,"url":"https:\/\/projexmedia.com\/web\/wp-content\/uploads\/2023\/04\/front-Sentiers-frontaliers-realisation-projexmedia.gif","type":"image\/gif"}],"twitter_card":"summary_large_image","schema":{"@context":"https:\/\/schema.org","@graph":[{"@type":"WebPage","@id":"https:\/\/projexmedia.com\/web\/realisations\/sentiers-frontaliers\/","url":"https:\/\/projexmedia.com\/web\/realisations\/sentiers-frontaliers\/","name":"Sentiers frontaliers - Projex Media","isPartOf":{"@id":"https:\/\/projexmedia.com\/web\/#website"},"primaryImageOfPage":{"@id":"https:\/\/projexmedia.com\/web\/realisations\/sentiers-frontaliers\/#primaryimage"},"image":{"@id":"https:\/\/projexmedia.com\/web\/realisations\/sentiers-frontaliers\/#primaryimage"},"thumbnailUrl":"https:\/\/projexmedia.com\/web\/wp-content\/uploads\/2023\/04\/front-Sentiers-frontaliers-realisation-projexmedia.gif","datePublished":"2023-04-11T15:30:41+00:00","dateModified":"2023-08-01T14:10:08+00:00","description":"Conception de sites Web en Estrie. Sentiers frontaliers par Projex Media.","breadcrumb":{"@id":"https:\/\/projexmedia.com\/web\/realisations\/sentiers-frontaliers\/#breadcrumb"},"inLanguage":"fr-CA","potentialAction":[{"@type":"ReadAction","target":["https:\/\/projexmedia.com\/web\/realisations\/sentiers-frontaliers\/"]}]},{"@type":"ImageObject","inLanguage":"fr-CA","@id":"https:\/\/projexmedia.com\/web\/realisations\/sentiers-frontaliers\/#primaryimage","url":"https:\/\/projexmedia.com\/web\/wp-content\/uploads\/2023\/04\/front-Sentiers-frontaliers-realisation-projexmedia.gif","contentUrl":"https:\/\/projexmedia.com\/web\/wp-content\/uploads\/2023\/04\/front-Sentiers-frontaliers-realisation-projexmedia.gif","width":1200,"height":1200},{"@type":"BreadcrumbList","@id":"https:\/\/projexmedia.com\/web\/realisations\/sentiers-frontaliers\/#breadcrumb","itemListElement":[{"@type":"ListItem","position":1,"name":"Accueil","item":"https:\/\/projexmedia.com\/web\/"},{"@type":"ListItem","position":2,"name":"Portfolio","item":"https:\/\/projexmedia.com\/web\/realisations\/"},{"@type":"ListItem","position":3,"name":"Sentiers frontaliers"}]},{"@type":"WebSite","@id":"https:\/\/projexmedia.com\/web\/#website","url":"https:\/\/projexmedia.com\/web\/","name":"Projex Media","description":"Conception de sites Web Sherbrooke, Montr\u00e9al, Bromont, Estrie","publisher":{"@id":"https:\/\/projexmedia.com\/web\/#organization"},"potentialAction":[{"@type":"SearchAction","target":{"@type":"EntryPoint","urlTemplate":"https:\/\/projexmedia.com\/web\/?s={search_term_string}"},"query-input":"required name=search_term_string"}],"inLanguage":"fr-CA"},{"@type":"Organization","@id":"https:\/\/projexmedia.com\/web\/#organization","name":"Projex Media","url":"https:\/\/projexmedia.com\/web\/","logo":{"@type":"ImageObject","inLanguage":"fr-CA","@id":"https:\/\/projexmedia.com\/web\/#\/schema\/logo\/image\/","url":"https:\/\/projexmedia.com\/web\/wp-content\/uploads\/2020\/12\/Projex.png","contentUrl":"https:\/\/projexmedia.com\/web\/wp-content\/uploads\/2020\/12\/Projex.png","width":150,"height":130,"caption":"Projex Media"},"image":{"@id":"https:\/\/projexmedia.com\/web\/#\/schema\/logo\/image\/"}}]}},"_links":{"self":[{"href":"https:\/\/projexmedia.com\/web\/wp-json\/wp\/v2\/avada_portfolio\/4096"}],"collection":[{"href":"https:\/\/projexmedia.com\/web\/wp-json\/wp\/v2\/avada_portfolio"}],"about":[{"href":"https:\/\/projexmedia.com\/web\/wp-json\/wp\/v2\/types\/avada_portfolio"}],"author":[{"embeddable":true,"href":"https:\/\/projexmedia.com\/web\/wp-json\/wp\/v2\/users\/2"}],"replies":[{"embeddable":true,"href":"https:\/\/projexmedia.com\/web\/wp-json\/wp\/v2\/comments?post=4096"}],"version-history":[{"count":6,"href":"https:\/\/projexmedia.com\/web\/wp-json\/wp\/v2\/avada_portfolio\/4096\/revisions"}],"predecessor-version":[{"id":4190,"href":"https:\/\/projexmedia.com\/web\/wp-json\/wp\/v2\/avada_portfolio\/4096\/revisions\/4190"}],"wp:featuredmedia":[{"embeddable":true,"href":"https:\/\/projexmedia.com\/web\/wp-json\/wp\/v2\/media\/4188"}],"wp:attachment":[{"href":"https:\/\/projexmedia.com\/web\/wp-json\/wp\/v2\/media?parent=4096"}],"wp:term":[{"taxonomy":"portfolio_category","embeddable":true,"href":"https:\/\/projexmedia.com\/web\/wp-json\/wp\/v2\/portfolio_category?post=4096"},{"taxonomy":"portfolio_skills","embeddable":true,"href":"https:\/\/projexmedia.com\/web\/wp-json\/wp\/v2\/portfolio_skills?post=4096"},{"taxonomy":"portfolio_tags","embeddable":true,"href":"https:\/\/projexmedia.com\/web\/wp-json\/wp\/v2\/portfolio_tags?post=4096"}],"curies":[{"name":"wp","href":"https:\/\/api.w.org\/{rel}","templated":true}]}}