{"id":4098,"date":"2023-06-10T11:32:05","date_gmt":"2023-06-10T15:32:05","guid":{"rendered":"https:\/\/projexmedia.com\/web\/?post_type=avada_portfolio&#038;p=4098"},"modified":"2023-08-02T08:01:56","modified_gmt":"2023-08-02T12:01:56","slug":"mrc-du-haut-saint-francois","status":"publish","type":"avada_portfolio","link":"https:\/\/projexmedia.com\/web\/realisations\/mrc-du-haut-saint-francois\/","title":{"rendered":"MRC du Haut-Saint-Fran\u00e7ois"},"content":{"rendered":"<p><div class=\"fusion-fullwidth fullwidth-box fusion-builder-row-1 fusion-flex-container nonhundred-percent-fullwidth non-hundred-percent-height-scrolling\" style=\"--awb-border-radius-top-left:0px;--awb-border-radius-top-right:0px;--awb-border-radius-bottom-right:0px;--awb-border-radius-bottom-left:0px;--awb-flex-wrap:wrap;\" ><div class=\"fusion-builder-row fusion-row fusion-flex-align-items-flex-start fusion-flex-content-wrap\" style=\"max-width:106%;margin-left: calc(-6% \/ 2 );margin-right: calc(-6% \/ 2 );\"><div class=\"fusion-layout-column fusion_builder_column fusion-builder-column-0 fusion_builder_column_1_1 1_1 fusion-flex-column\" style=\"--awb-bg-size:cover;--awb-width-large:100%;--awb-margin-top-large:0px;--awb-spacing-right-large:2.82%;--awb-margin-bottom-large:80px;--awb-spacing-left-large:2.82%;--awb-width-medium:100%;--awb-order-medium:0;--awb-spacing-right-medium:2.82%;--awb-spacing-left-medium:2.82%;--awb-width-small:100%;--awb-order-small:0;--awb-spacing-right-small:2.82%;--awb-spacing-left-small:2.82%;\"><div class=\"fusion-column-wrapper fusion-column-has-shadow fusion-flex-justify-content-flex-start fusion-content-layout-column\"><div class=\"fusion-image-element \" style=\"text-align:center;--awb-caption-title-font-family:var(--h2_typography-font-family);--awb-caption-title-font-weight:var(--h2_typography-font-weight);--awb-caption-title-font-style:var(--h2_typography-font-style);--awb-caption-title-size:var(--h2_typography-font-size);--awb-caption-title-transform:var(--h2_typography-text-transform);--awb-caption-title-line-height:var(--h2_typography-line-height);--awb-caption-title-letter-spacing:var(--h2_typography-letter-spacing);\"><span class=\" fusion-imageframe imageframe-none imageframe-1 hover-type-none\"><img decoding=\"async\" width=\"1400\" height=\"737\" alt=\"MRC du Haut-Saint-Fran\u00e7ois \/ 2023 - R\u00e9alisation sign\u00e9e Projex Media\" title=\"realisation-projexmedia-MRCHSF-01\" src=\"https:\/\/projexmedia.com\/web\/wp-content\/uploads\/2023\/06\/realisation-projexmedia-MRCHSF-01.png\" class=\"img-responsive wp-image-4191\" srcset=\"https:\/\/projexmedia.com\/web\/wp-content\/uploads\/2023\/06\/realisation-projexmedia-MRCHSF-01-200x105.png 200w, https:\/\/projexmedia.com\/web\/wp-content\/uploads\/2023\/06\/realisation-projexmedia-MRCHSF-01-400x211.png 400w, https:\/\/projexmedia.com\/web\/wp-content\/uploads\/2023\/06\/realisation-projexmedia-MRCHSF-01-600x316.png 600w, https:\/\/projexmedia.com\/web\/wp-content\/uploads\/2023\/06\/realisation-projexmedia-MRCHSF-01-800x421.png 800w, https:\/\/projexmedia.com\/web\/wp-content\/uploads\/2023\/06\/realisation-projexmedia-MRCHSF-01-1200x632.png 1200w, https:\/\/projexmedia.com\/web\/wp-content\/uploads\/2023\/06\/realisation-projexmedia-MRCHSF-01.png 1400w\" sizes=\"(max-width: 1024px) 100vw, (max-width: 640px) 100vw, 1400px\" \/><\/span><\/div><div class=\"fusion-image-element \" style=\"text-align:center;--awb-caption-title-font-family:var(--h2_typography-font-family);--awb-caption-title-font-weight:var(--h2_typography-font-weight);--awb-caption-title-font-style:var(--h2_typography-font-style);--awb-caption-title-size:var(--h2_typography-font-size);--awb-caption-title-transform:var(--h2_typography-text-transform);--awb-caption-title-line-height:var(--h2_typography-line-height);--awb-caption-title-letter-spacing:var(--h2_typography-letter-spacing);\"><span class=\" fusion-imageframe imageframe-none imageframe-2 hover-type-none\"><img decoding=\"async\" width=\"1400\" height=\"1498\" alt=\"MRC du Haut-Saint-Fran\u00e7ois \/ 2023 - R\u00e9alisation sign\u00e9e Projex Media\" title=\"realisation-projexmedia-MRCHSF-02\" src=\"https:\/\/projexmedia.com\/web\/wp-content\/uploads\/2023\/06\/realisation-projexmedia-MRCHSF-02.png\" class=\"img-responsive wp-image-4193\" srcset=\"https:\/\/projexmedia.com\/web\/wp-content\/uploads\/2023\/06\/realisation-projexmedia-MRCHSF-02-200x214.png 200w, https:\/\/projexmedia.com\/web\/wp-content\/uploads\/2023\/06\/realisation-projexmedia-MRCHSF-02-400x428.png 400w, https:\/\/projexmedia.com\/web\/wp-content\/uploads\/2023\/06\/realisation-projexmedia-MRCHSF-02-600x642.png 600w, https:\/\/projexmedia.com\/web\/wp-content\/uploads\/2023\/06\/realisation-projexmedia-MRCHSF-02-800x856.png 800w, https:\/\/projexmedia.com\/web\/wp-content\/uploads\/2023\/06\/realisation-projexmedia-MRCHSF-02-1200x1284.png 1200w, https:\/\/projexmedia.com\/web\/wp-content\/uploads\/2023\/06\/realisation-projexmedia-MRCHSF-02.png 1400w\" sizes=\"(max-width: 1024px) 100vw, (max-width: 640px) 100vw, 1400px\" \/><\/span><\/div><div class=\"fusion-image-element \" style=\"text-align:center;--awb-caption-title-font-family:var(--h2_typography-font-family);--awb-caption-title-font-weight:var(--h2_typography-font-weight);--awb-caption-title-font-style:var(--h2_typography-font-style);--awb-caption-title-size:var(--h2_typography-font-size);--awb-caption-title-transform:var(--h2_typography-text-transform);--awb-caption-title-line-height:var(--h2_typography-line-height);--awb-caption-title-letter-spacing:var(--h2_typography-letter-spacing);\"><span class=\" fusion-imageframe imageframe-none imageframe-3 hover-type-none\"><img decoding=\"async\" width=\"1400\" height=\"1381\" alt=\"MRC du Haut-Saint-Fran\u00e7ois \/ 2023 - R\u00e9alisation sign\u00e9e Projex Media\" title=\"realisation-projexmedia-MRCHSF-03\" src=\"https:\/\/projexmedia.com\/web\/wp-content\/uploads\/2023\/06\/realisation-projexmedia-MRCHSF-03.gif\" class=\"img-responsive wp-image-4195\"\/><\/span><\/div><div class=\"fusion-image-element \" style=\"text-align:center;--awb-caption-title-font-family:var(--h2_typography-font-family);--awb-caption-title-font-weight:var(--h2_typography-font-weight);--awb-caption-title-font-style:var(--h2_typography-font-style);--awb-caption-title-size:var(--h2_typography-font-size);--awb-caption-title-transform:var(--h2_typography-text-transform);--awb-caption-title-line-height:var(--h2_typography-line-height);--awb-caption-title-letter-spacing:var(--h2_typography-letter-spacing);\"><span class=\" fusion-imageframe imageframe-none imageframe-4 hover-type-none\"><img decoding=\"async\" width=\"1400\" height=\"723\" alt=\"MRC du Haut-Saint-Fran\u00e7ois \/ 2023 - R\u00e9alisation sign\u00e9e Projex Media\" title=\"realisation-projexmedia-MRCHSF-04\" src=\"https:\/\/projexmedia.com\/web\/wp-content\/uploads\/2023\/06\/realisation-projexmedia-MRCHSF-04.png\" class=\"img-responsive wp-image-4197\" srcset=\"https:\/\/projexmedia.com\/web\/wp-content\/uploads\/2023\/06\/realisation-projexmedia-MRCHSF-04-200x103.png 200w, https:\/\/projexmedia.com\/web\/wp-content\/uploads\/2023\/06\/realisation-projexmedia-MRCHSF-04-400x207.png 400w, https:\/\/projexmedia.com\/web\/wp-content\/uploads\/2023\/06\/realisation-projexmedia-MRCHSF-04-600x310.png 600w, https:\/\/projexmedia.com\/web\/wp-content\/uploads\/2023\/06\/realisation-projexmedia-MRCHSF-04-800x413.png 800w, https:\/\/projexmedia.com\/web\/wp-content\/uploads\/2023\/06\/realisation-projexmedia-MRCHSF-04-1200x620.png 1200w, https:\/\/projexmedia.com\/web\/wp-content\/uploads\/2023\/06\/realisation-projexmedia-MRCHSF-04.png 1400w\" sizes=\"(max-width: 1024px) 100vw, (max-width: 640px) 100vw, 1400px\" \/><\/span><\/div><div class=\"fusion-image-element \" style=\"text-align:center;--awb-caption-title-font-family:var(--h2_typography-font-family);--awb-caption-title-font-weight:var(--h2_typography-font-weight);--awb-caption-title-font-style:var(--h2_typography-font-style);--awb-caption-title-size:var(--h2_typography-font-size);--awb-caption-title-transform:var(--h2_typography-text-transform);--awb-caption-title-line-height:var(--h2_typography-line-height);--awb-caption-title-letter-spacing:var(--h2_typography-letter-spacing);\"><span class=\" fusion-imageframe imageframe-none imageframe-5 hover-type-none\"><img decoding=\"async\" width=\"1400\" height=\"836\" alt=\"MRC du Haut-Saint-Fran\u00e7ois \/ 2023 - R\u00e9alisation sign\u00e9e Projex Media\" title=\"realisation-projexmedia-MRCHSF-05\" src=\"https:\/\/projexmedia.com\/web\/wp-content\/uploads\/2023\/06\/realisation-projexmedia-MRCHSF-05.gif\" class=\"img-responsive wp-image-4199\"\/><\/span><\/div><div class=\"fusion-image-element \" style=\"text-align:center;--awb-caption-title-font-family:var(--h2_typography-font-family);--awb-caption-title-font-weight:var(--h2_typography-font-weight);--awb-caption-title-font-style:var(--h2_typography-font-style);--awb-caption-title-size:var(--h2_typography-font-size);--awb-caption-title-transform:var(--h2_typography-text-transform);--awb-caption-title-line-height:var(--h2_typography-line-height);--awb-caption-title-letter-spacing:var(--h2_typography-letter-spacing);\"><span class=\" fusion-imageframe imageframe-none imageframe-6 hover-type-none\"><img decoding=\"async\" width=\"1400\" height=\"1518\" alt=\"MRC du Haut-Saint-Fran\u00e7ois \/ 2023 - R\u00e9alisation sign\u00e9e Projex Media\" title=\"realisation-projexmedia-MRCHSF-06\" src=\"https:\/\/projexmedia.com\/web\/wp-content\/uploads\/2023\/06\/realisation-projexmedia-MRCHSF-06.png\" class=\"img-responsive wp-image-4201\" srcset=\"https:\/\/projexmedia.com\/web\/wp-content\/uploads\/2023\/06\/realisation-projexmedia-MRCHSF-06-200x217.png 200w, https:\/\/projexmedia.com\/web\/wp-content\/uploads\/2023\/06\/realisation-projexmedia-MRCHSF-06-400x434.png 400w, https:\/\/projexmedia.com\/web\/wp-content\/uploads\/2023\/06\/realisation-projexmedia-MRCHSF-06-600x651.png 600w, https:\/\/projexmedia.com\/web\/wp-content\/uploads\/2023\/06\/realisation-projexmedia-MRCHSF-06-800x867.png 800w, https:\/\/projexmedia.com\/web\/wp-content\/uploads\/2023\/06\/realisation-projexmedia-MRCHSF-06-1200x1301.png 1200w, https:\/\/projexmedia.com\/web\/wp-content\/uploads\/2023\/06\/realisation-projexmedia-MRCHSF-06.png 1400w\" sizes=\"(max-width: 1024px) 100vw, (max-width: 640px) 100vw, 1400px\" \/><\/span><\/div><div class=\"fusion-image-element \" style=\"text-align:center;--awb-caption-title-font-family:var(--h2_typography-font-family);--awb-caption-title-font-weight:var(--h2_typography-font-weight);--awb-caption-title-font-style:var(--h2_typography-font-style);--awb-caption-title-size:var(--h2_typography-font-size);--awb-caption-title-transform:var(--h2_typography-text-transform);--awb-caption-title-line-height:var(--h2_typography-line-height);--awb-caption-title-letter-spacing:var(--h2_typography-letter-spacing);\"><span class=\" fusion-imageframe imageframe-none imageframe-7 hover-type-none\"><img decoding=\"async\" width=\"1400\" height=\"836\" alt=\"MRC du Haut-Saint-Fran\u00e7ois \/ 2023 - R\u00e9alisation sign\u00e9e Projex Media\" title=\"realisation-projexmedia-MRCHSF-07\" src=\"https:\/\/projexmedia.com\/web\/wp-content\/uploads\/2023\/06\/realisation-projexmedia-MRCHSF-07.gif\" class=\"img-responsive wp-image-4203\"\/><\/span><\/div><div class=\"fusion-image-element \" style=\"text-align:center;--awb-caption-title-font-family:var(--h2_typography-font-family);--awb-caption-title-font-weight:var(--h2_typography-font-weight);--awb-caption-title-font-style:var(--h2_typography-font-style);--awb-caption-title-size:var(--h2_typography-font-size);--awb-caption-title-transform:var(--h2_typography-text-transform);--awb-caption-title-line-height:var(--h2_typography-line-height);--awb-caption-title-letter-spacing:var(--h2_typography-letter-spacing);\"><span class=\" fusion-imageframe imageframe-none imageframe-8 hover-type-none\"><img decoding=\"async\" width=\"1400\" height=\"723\" alt=\"MRC du Haut-Saint-Fran\u00e7ois \/ 2023 - R\u00e9alisation sign\u00e9e Projex Media\" title=\"realisation-projexmedia-MRCHSF-08\" src=\"https:\/\/projexmedia.com\/web\/wp-content\/uploads\/2023\/06\/realisation-projexmedia-MRCHSF-08.png\" class=\"img-responsive wp-image-4207\" srcset=\"https:\/\/projexmedia.com\/web\/wp-content\/uploads\/2023\/06\/realisation-projexmedia-MRCHSF-08-200x103.png 200w, https:\/\/projexmedia.com\/web\/wp-content\/uploads\/2023\/06\/realisation-projexmedia-MRCHSF-08-400x207.png 400w, https:\/\/projexmedia.com\/web\/wp-content\/uploads\/2023\/06\/realisation-projexmedia-MRCHSF-08-600x310.png 600w, https:\/\/projexmedia.com\/web\/wp-content\/uploads\/2023\/06\/realisation-projexmedia-MRCHSF-08-800x413.png 800w, https:\/\/projexmedia.com\/web\/wp-content\/uploads\/2023\/06\/realisation-projexmedia-MRCHSF-08-1200x620.png 1200w, https:\/\/projexmedia.com\/web\/wp-content\/uploads\/2023\/06\/realisation-projexmedia-MRCHSF-08.png 1400w\" sizes=\"(max-width: 1024px) 100vw, (max-width: 640px) 100vw, 1400px\" \/><\/span><\/div><div class=\"fusion-image-element \" style=\"text-align:center;--awb-caption-title-font-family:var(--h2_typography-font-family);--awb-caption-title-font-weight:var(--h2_typography-font-weight);--awb-caption-title-font-style:var(--h2_typography-font-style);--awb-caption-title-size:var(--h2_typography-font-size);--awb-caption-title-transform:var(--h2_typography-text-transform);--awb-caption-title-line-height:var(--h2_typography-line-height);--awb-caption-title-letter-spacing:var(--h2_typography-letter-spacing);\"><span class=\" fusion-imageframe imageframe-none imageframe-9 hover-type-none\"><img decoding=\"async\" width=\"1400\" height=\"1294\" alt=\"MRC du Haut-Saint-Fran\u00e7ois \/ 2023 - R\u00e9alisation sign\u00e9e Projex Media\" title=\"realisation-projexmedia-MRCHSF-09\" src=\"https:\/\/projexmedia.com\/web\/wp-content\/uploads\/2023\/06\/realisation-projexmedia-MRCHSF-09.gif\" class=\"img-responsive wp-image-4209\"\/><\/span><\/div><div class=\"fusion-image-element \" style=\"text-align:center;--awb-caption-title-font-family:var(--h2_typography-font-family);--awb-caption-title-font-weight:var(--h2_typography-font-weight);--awb-caption-title-font-style:var(--h2_typography-font-style);--awb-caption-title-size:var(--h2_typography-font-size);--awb-caption-title-transform:var(--h2_typography-text-transform);--awb-caption-title-line-height:var(--h2_typography-line-height);--awb-caption-title-letter-spacing:var(--h2_typography-letter-spacing);\"><span class=\" fusion-imageframe imageframe-none imageframe-10 hover-type-none\"><img decoding=\"async\" width=\"1400\" height=\"4571\" alt=\"MRC du Haut-Saint-Fran\u00e7ois \/ 2023 - R\u00e9alisation sign\u00e9e Projex Media\" title=\"realisation-projexmedia-MRCHSF-10\" src=\"https:\/\/projexmedia.com\/web\/wp-content\/uploads\/2023\/06\/realisation-projexmedia-MRCHSF-10.jpg\" class=\"img-responsive wp-image-4211\" srcset=\"https:\/\/projexmedia.com\/web\/wp-content\/uploads\/2023\/06\/realisation-projexmedia-MRCHSF-10-200x653.jpg 200w, https:\/\/projexmedia.com\/web\/wp-content\/uploads\/2023\/06\/realisation-projexmedia-MRCHSF-10-400x1306.jpg 400w, https:\/\/projexmedia.com\/web\/wp-content\/uploads\/2023\/06\/realisation-projexmedia-MRCHSF-10-600x1959.jpg 600w, https:\/\/projexmedia.com\/web\/wp-content\/uploads\/2023\/06\/realisation-projexmedia-MRCHSF-10-800x2612.jpg 800w, https:\/\/projexmedia.com\/web\/wp-content\/uploads\/2023\/06\/realisation-projexmedia-MRCHSF-10-1200x3918.jpg 1200w, https:\/\/projexmedia.com\/web\/wp-content\/uploads\/2023\/06\/realisation-projexmedia-MRCHSF-10.jpg 1400w\" sizes=\"(max-width: 1024px) 100vw, (max-width: 640px) 100vw, 1400px\" \/><\/span><\/div><\/div><\/div><\/div><\/div><div class=\"fusion-fullwidth fullwidth-box fusion-builder-row-2 fusion-flex-container boxed nonhundred-percent-fullwidth non-hundred-percent-height-scrolling\" style=\"--awb-border-radius-top-left:0px;--awb-border-radius-top-right:0px;--awb-border-radius-bottom-right:0px;--awb-border-radius-bottom-left:0px;--awb-margin-bottom:0px;--awb-flex-wrap:wrap;\" ><div class=\"fusion-builder-row fusion-row fusion-flex-align-items-flex-start fusion-flex-content-wrap\" style=\"max-width:106%;margin-left: calc(-6% \/ 2 );margin-right: calc(-6% \/ 2 );\"><div class=\"fusion-layout-column fusion_builder_column fusion-builder-column-1 fusion_builder_column_1_1 1_1 fusion-flex-column\" style=\"--awb-bg-size:cover;--awb-width-large:100%;--awb-margin-top-large:0px;--awb-spacing-right-large:2.82%;--awb-margin-bottom-large:0px;--awb-spacing-left-large:2.82%;--awb-width-medium:100%;--awb-order-medium:0;--awb-spacing-right-medium:2.82%;--awb-spacing-left-medium:2.82%;--awb-width-small:100%;--awb-order-small:0;--awb-spacing-right-small:2.82%;--awb-spacing-left-small:2.82%;\"><div class=\"fusion-column-wrapper fusion-column-has-shadow fusion-flex-justify-content-flex-start fusion-content-layout-column\"><div class=\"fusion-text fusion-text-1 font_25\" style=\"--awb-content-alignment:center;--awb-text-transform:none;\"><p><a href=\"https:\/\/mrchsf.com\/\" target=\"_blank\" rel=\"noopener\">mrchsf.com<\/a><\/p>\n<\/div><div class=\"fusion-separator fusion-full-width-sep\" style=\"align-self: center;margin-left: auto;margin-right: auto;margin-bottom:20px;width:100%;\"><\/div><div class=\"fusion-text fusion-text-2\" style=\"--awb-content-alignment:center;--awb-text-transform:none;\"><p><strong>PROJEX MEDIA<\/strong><br \/>\nGestionnaire de projet \u2014 M\u00e9lanie Denis<br \/>\nDesign graphique et int\u00e9gration Web \u2014 Marie-Claude Fontaine<br \/>\nProgrammation et d\u00e9veloppement \u2014 Guillaume Tessier<\/p>\n<\/div><div class=\"fusion-separator fusion-full-width-sep\" style=\"align-self: center;margin-left: auto;margin-right: auto;margin-bottom:20px;width:100%;\"><\/div><div class=\"fusion-text fusion-text-3 description\" style=\"--awb-text-transform:none;\"><p>S\u00e9curitaire et accueillant, le Haut-Saint-Fran\u00e7ois est l&rsquo;endroit id\u00e9al pour \u00e9lever sa famille. C&rsquo;est \u00e9galement un excellent lieu pour faire des affaires. Situ\u00e9 \u00e0 150 kilom\u00e8tres de Montr\u00e9al et \u00e0 proximit\u00e9 de la ville de Sherbrooke, le territoire de la MRC HSF est un v\u00e9ritable paradis pour les amateurs d&rsquo;activit\u00e9s de plein air. \u00c0 la fois urbain et rural, le Haut offre aux nouveaux r\u00e9sidents une panoplie de milieux de vie et de paysages aux couleurs de ses communaut\u00e9s : vari\u00e9es, dynamiques, fi\u00e8res et solidaires. La MRC du Haut-Saint-Fran\u00e7ois propose des services directs \u00e0 la population, notamment en transport collectif, tout en desservant surtout ses municipalit\u00e9s en ce qui concerne les mesures et vidanges de fosses septiques. Projex Media se voit confier le d\u00e9fi de la refonte web du site de la MRC du Haut-Saint-Fran\u00e7ois. Avec quelques r\u00e9alisations pour des villes et des municipalit\u00e9s \u00e0 son actif, notre \u00e9quipe est en mesure d&rsquo;\u00e9valuer et de r\u00e9pondre aux demandes et besoins de la MRC. La restructuration est un enjeu important de cette refonte, dans le but de rendre l&rsquo;information accessible aux citoyens et d&rsquo;am\u00e9liorer le r\u00e9f\u00e9rencement. L&rsquo;accessibilit\u00e9 \u00e0 la recherche est \u00e9galement tr\u00e8s importante. Nous pr\u00e9voyons l&rsquo;utilisation de tags pratiques \u00e0 chaque page en back-end pour am\u00e9liorer les performances de recherche. De plus, l&rsquo;ajout d&rsquo;un blogue et d&rsquo;un calendrier d&rsquo;\u00e9v\u00e9nements permettra de bien r\u00e9pertorier l&rsquo;information. La conception et l&rsquo;animation d&rsquo;une carte interactive d\u00e9montrant les diff\u00e9rentes municipalit\u00e9s faisant partie du territoire font \u00e9galement partie des demandes. Nous pr\u00e9sentons un design l\u00e9ger aux couleurs inspir\u00e9es du logo, laissant une grande place aux images qui parlent d&rsquo;elles-m\u00eames. Ressentez la douceur d&rsquo;habiter dans le Haut-Saint-Fran\u00e7ois!<\/p>\n<\/div><\/div><\/div><\/div><\/div><\/p>\n","protected":false},"excerpt":{"rendered":"","protected":false},"author":2,"featured_media":4214,"menu_order":0,"comment_status":"closed","ping_status":"closed","template":"","format":"standard","meta":[],"portfolio_category":[7,3],"portfolio_skills":[],"portfolio_tags":[],"acf":[],"yoast_head":"<!-- This site is optimized with the Yoast SEO plugin v22.5 - https:\/\/yoast.com\/wordpress\/plugins\/seo\/ -->\n<title>MRC du Haut-Saint-Fran\u00e7ois - Projex Media<\/title>\n<meta name=\"description\" content=\"Conception de sites Web en Estrie. MRC du Haut-Saint-Fran\u00e7ois par Projex Media.\" \/>\n<meta name=\"robots\" content=\"index, follow, max-snippet:-1, max-image-preview:large, max-video-preview:-1\" \/>\n<link rel=\"canonical\" href=\"https:\/\/projexmedia.com\/web\/realisations\/mrc-du-haut-saint-francois\/\" \/>\n<meta property=\"og:locale\" content=\"fr_CA\" \/>\n<meta property=\"og:type\" content=\"article\" \/>\n<meta property=\"og:title\" content=\"MRC du Haut-Saint-Fran\u00e7ois - Projex Media\" \/>\n<meta property=\"og:description\" content=\"Conception de sites Web en Estrie. MRC du Haut-Saint-Fran\u00e7ois par Projex Media.\" \/>\n<meta property=\"og:url\" content=\"https:\/\/projexmedia.com\/web\/realisations\/mrc-du-haut-saint-francois\/\" \/>\n<meta property=\"og:site_name\" content=\"Projex Media\" \/>\n<meta property=\"article:modified_time\" content=\"2023-08-02T12:01:56+00:00\" \/>\n<meta property=\"og:image\" content=\"https:\/\/projexmedia.com\/web\/wp-content\/uploads\/2023\/06\/front-MRCHSF-realisation-projexmedia.gif\" \/>\n\t<meta property=\"og:image:width\" content=\"1200\" \/>\n\t<meta property=\"og:image:height\" content=\"1200\" \/>\n\t<meta property=\"og:image:type\" content=\"image\/gif\" \/>\n<meta name=\"twitter:card\" content=\"summary_large_image\" \/>\n<script type=\"application\/ld+json\" class=\"yoast-schema-graph\">{\"@context\":\"https:\/\/schema.org\",\"@graph\":[{\"@type\":\"WebPage\",\"@id\":\"https:\/\/projexmedia.com\/web\/realisations\/mrc-du-haut-saint-francois\/\",\"url\":\"https:\/\/projexmedia.com\/web\/realisations\/mrc-du-haut-saint-francois\/\",\"name\":\"MRC du Haut-Saint-Fran\u00e7ois - Projex Media\",\"isPartOf\":{\"@id\":\"https:\/\/projexmedia.com\/web\/#website\"},\"primaryImageOfPage\":{\"@id\":\"https:\/\/projexmedia.com\/web\/realisations\/mrc-du-haut-saint-francois\/#primaryimage\"},\"image\":{\"@id\":\"https:\/\/projexmedia.com\/web\/realisations\/mrc-du-haut-saint-francois\/#primaryimage\"},\"thumbnailUrl\":\"https:\/\/projexmedia.com\/web\/wp-content\/uploads\/2023\/06\/front-MRCHSF-realisation-projexmedia.gif\",\"datePublished\":\"2023-06-10T15:32:05+00:00\",\"dateModified\":\"2023-08-02T12:01:56+00:00\",\"description\":\"Conception de sites Web en Estrie. MRC du Haut-Saint-Fran\u00e7ois par Projex Media.\",\"breadcrumb\":{\"@id\":\"https:\/\/projexmedia.com\/web\/realisations\/mrc-du-haut-saint-francois\/#breadcrumb\"},\"inLanguage\":\"fr-CA\",\"potentialAction\":[{\"@type\":\"ReadAction\",\"target\":[\"https:\/\/projexmedia.com\/web\/realisations\/mrc-du-haut-saint-francois\/\"]}]},{\"@type\":\"ImageObject\",\"inLanguage\":\"fr-CA\",\"@id\":\"https:\/\/projexmedia.com\/web\/realisations\/mrc-du-haut-saint-francois\/#primaryimage\",\"url\":\"https:\/\/projexmedia.com\/web\/wp-content\/uploads\/2023\/06\/front-MRCHSF-realisation-projexmedia.gif\",\"contentUrl\":\"https:\/\/projexmedia.com\/web\/wp-content\/uploads\/2023\/06\/front-MRCHSF-realisation-projexmedia.gif\",\"width\":1200,\"height\":1200},{\"@type\":\"BreadcrumbList\",\"@id\":\"https:\/\/projexmedia.com\/web\/realisations\/mrc-du-haut-saint-francois\/#breadcrumb\",\"itemListElement\":[{\"@type\":\"ListItem\",\"position\":1,\"name\":\"Accueil\",\"item\":\"https:\/\/projexmedia.com\/web\/\"},{\"@type\":\"ListItem\",\"position\":2,\"name\":\"Portfolio\",\"item\":\"https:\/\/projexmedia.com\/web\/realisations\/\"},{\"@type\":\"ListItem\",\"position\":3,\"name\":\"MRC du Haut-Saint-Fran\u00e7ois\"}]},{\"@type\":\"WebSite\",\"@id\":\"https:\/\/projexmedia.com\/web\/#website\",\"url\":\"https:\/\/projexmedia.com\/web\/\",\"name\":\"Projex Media\",\"description\":\"Conception de sites Web Sherbrooke, Montr\u00e9al, Bromont, Estrie\",\"publisher\":{\"@id\":\"https:\/\/projexmedia.com\/web\/#organization\"},\"potentialAction\":[{\"@type\":\"SearchAction\",\"target\":{\"@type\":\"EntryPoint\",\"urlTemplate\":\"https:\/\/projexmedia.com\/web\/?s={search_term_string}\"},\"query-input\":\"required name=search_term_string\"}],\"inLanguage\":\"fr-CA\"},{\"@type\":\"Organization\",\"@id\":\"https:\/\/projexmedia.com\/web\/#organization\",\"name\":\"Projex Media\",\"url\":\"https:\/\/projexmedia.com\/web\/\",\"logo\":{\"@type\":\"ImageObject\",\"inLanguage\":\"fr-CA\",\"@id\":\"https:\/\/projexmedia.com\/web\/#\/schema\/logo\/image\/\",\"url\":\"https:\/\/projexmedia.com\/web\/wp-content\/uploads\/2020\/12\/Projex.png\",\"contentUrl\":\"https:\/\/projexmedia.com\/web\/wp-content\/uploads\/2020\/12\/Projex.png\",\"width\":150,\"height\":130,\"caption\":\"Projex Media\"},\"image\":{\"@id\":\"https:\/\/projexmedia.com\/web\/#\/schema\/logo\/image\/\"}}]}<\/script>\n<!-- \/ Yoast SEO plugin. -->","yoast_head_json":{"title":"MRC du Haut-Saint-Fran\u00e7ois - Projex Media","description":"Conception de sites Web en Estrie. MRC du Haut-Saint-Fran\u00e7ois par Projex Media.","robots":{"index":"index","follow":"follow","max-snippet":"max-snippet:-1","max-image-preview":"max-image-preview:large","max-video-preview":"max-video-preview:-1"},"canonical":"https:\/\/projexmedia.com\/web\/realisations\/mrc-du-haut-saint-francois\/","og_locale":"fr_CA","og_type":"article","og_title":"MRC du Haut-Saint-Fran\u00e7ois - Projex Media","og_description":"Conception de sites Web en Estrie. MRC du Haut-Saint-Fran\u00e7ois par Projex Media.","og_url":"https:\/\/projexmedia.com\/web\/realisations\/mrc-du-haut-saint-francois\/","og_site_name":"Projex Media","article_modified_time":"2023-08-02T12:01:56+00:00","og_image":[{"width":1200,"height":1200,"url":"https:\/\/projexmedia.com\/web\/wp-content\/uploads\/2023\/06\/front-MRCHSF-realisation-projexmedia.gif","type":"image\/gif"}],"twitter_card":"summary_large_image","schema":{"@context":"https:\/\/schema.org","@graph":[{"@type":"WebPage","@id":"https:\/\/projexmedia.com\/web\/realisations\/mrc-du-haut-saint-francois\/","url":"https:\/\/projexmedia.com\/web\/realisations\/mrc-du-haut-saint-francois\/","name":"MRC du Haut-Saint-Fran\u00e7ois - Projex Media","isPartOf":{"@id":"https:\/\/projexmedia.com\/web\/#website"},"primaryImageOfPage":{"@id":"https:\/\/projexmedia.com\/web\/realisations\/mrc-du-haut-saint-francois\/#primaryimage"},"image":{"@id":"https:\/\/projexmedia.com\/web\/realisations\/mrc-du-haut-saint-francois\/#primaryimage"},"thumbnailUrl":"https:\/\/projexmedia.com\/web\/wp-content\/uploads\/2023\/06\/front-MRCHSF-realisation-projexmedia.gif","datePublished":"2023-06-10T15:32:05+00:00","dateModified":"2023-08-02T12:01:56+00:00","description":"Conception de sites Web en Estrie. MRC du Haut-Saint-Fran\u00e7ois par Projex Media.","breadcrumb":{"@id":"https:\/\/projexmedia.com\/web\/realisations\/mrc-du-haut-saint-francois\/#breadcrumb"},"inLanguage":"fr-CA","potentialAction":[{"@type":"ReadAction","target":["https:\/\/projexmedia.com\/web\/realisations\/mrc-du-haut-saint-francois\/"]}]},{"@type":"ImageObject","inLanguage":"fr-CA","@id":"https:\/\/projexmedia.com\/web\/realisations\/mrc-du-haut-saint-francois\/#primaryimage","url":"https:\/\/projexmedia.com\/web\/wp-content\/uploads\/2023\/06\/front-MRCHSF-realisation-projexmedia.gif","contentUrl":"https:\/\/projexmedia.com\/web\/wp-content\/uploads\/2023\/06\/front-MRCHSF-realisation-projexmedia.gif","width":1200,"height":1200},{"@type":"BreadcrumbList","@id":"https:\/\/projexmedia.com\/web\/realisations\/mrc-du-haut-saint-francois\/#breadcrumb","itemListElement":[{"@type":"ListItem","position":1,"name":"Accueil","item":"https:\/\/projexmedia.com\/web\/"},{"@type":"ListItem","position":2,"name":"Portfolio","item":"https:\/\/projexmedia.com\/web\/realisations\/"},{"@type":"ListItem","position":3,"name":"MRC du Haut-Saint-Fran\u00e7ois"}]},{"@type":"WebSite","@id":"https:\/\/projexmedia.com\/web\/#website","url":"https:\/\/projexmedia.com\/web\/","name":"Projex Media","description":"Conception de sites Web Sherbrooke, Montr\u00e9al, Bromont, Estrie","publisher":{"@id":"https:\/\/projexmedia.com\/web\/#organization"},"potentialAction":[{"@type":"SearchAction","target":{"@type":"EntryPoint","urlTemplate":"https:\/\/projexmedia.com\/web\/?s={search_term_string}"},"query-input":"required name=search_term_string"}],"inLanguage":"fr-CA"},{"@type":"Organization","@id":"https:\/\/projexmedia.com\/web\/#organization","name":"Projex Media","url":"https:\/\/projexmedia.com\/web\/","logo":{"@type":"ImageObject","inLanguage":"fr-CA","@id":"https:\/\/projexmedia.com\/web\/#\/schema\/logo\/image\/","url":"https:\/\/projexmedia.com\/web\/wp-content\/uploads\/2020\/12\/Projex.png","contentUrl":"https:\/\/projexmedia.com\/web\/wp-content\/uploads\/2020\/12\/Projex.png","width":150,"height":130,"caption":"Projex Media"},"image":{"@id":"https:\/\/projexmedia.com\/web\/#\/schema\/logo\/image\/"}}]}},"_links":{"self":[{"href":"https:\/\/projexmedia.com\/web\/wp-json\/wp\/v2\/avada_portfolio\/4098"}],"collection":[{"href":"https:\/\/projexmedia.com\/web\/wp-json\/wp\/v2\/avada_portfolio"}],"about":[{"href":"https:\/\/projexmedia.com\/web\/wp-json\/wp\/v2\/types\/avada_portfolio"}],"author":[{"embeddable":true,"href":"https:\/\/projexmedia.com\/web\/wp-json\/wp\/v2\/users\/2"}],"replies":[{"embeddable":true,"href":"https:\/\/projexmedia.com\/web\/wp-json\/wp\/v2\/comments?post=4098"}],"version-history":[{"count":5,"href":"https:\/\/projexmedia.com\/web\/wp-json\/wp\/v2\/avada_portfolio\/4098\/revisions"}],"predecessor-version":[{"id":4213,"href":"https:\/\/projexmedia.com\/web\/wp-json\/wp\/v2\/avada_portfolio\/4098\/revisions\/4213"}],"wp:featuredmedia":[{"embeddable":true,"href":"https:\/\/projexmedia.com\/web\/wp-json\/wp\/v2\/media\/4214"}],"wp:attachment":[{"href":"https:\/\/projexmedia.com\/web\/wp-json\/wp\/v2\/media?parent=4098"}],"wp:term":[{"taxonomy":"portfolio_category","embeddable":true,"href":"https:\/\/projexmedia.com\/web\/wp-json\/wp\/v2\/portfolio_category?post=4098"},{"taxonomy":"portfolio_skills","embeddable":true,"href":"https:\/\/projexmedia.com\/web\/wp-json\/wp\/v2\/portfolio_skills?post=4098"},{"taxonomy":"portfolio_tags","embeddable":true,"href":"https:\/\/projexmedia.com\/web\/wp-json\/wp\/v2\/portfolio_tags?post=4098"}],"curies":[{"name":"wp","href":"https:\/\/api.w.org\/{rel}","templated":true}]}}